{"id":3572,"date":"2021-09-27T16:46:38","date_gmt":"2021-09-27T14:46:38","guid":{"rendered":"http:\/\/vshe.cz\/aktuality\/pravidla-a-zakladni-pokyny-k-zacatku-zimniho-semestru-akademickeho-roku-2021-2022\/"},"modified":"2021-09-29T15:09:38","modified_gmt":"2021-09-29T13:09:38","slug":"pravidla-a-zakladni-pokyny-k-zacatku-zimniho-semestru-akademickeho-roku-2021-2022","status":"publish","type":"aktuality","link":"https:\/\/vshe.cz\/sk\/aktuality\/pravidla-a-zakladni-pokyny-k-zacatku-zimniho-semestru-akademickeho-roku-2021-2022\/","title":{"rendered":"Pravidla a z\u00e1kladn\u00ed pokyny k za\u010d\u00e1tku zimn\u00edho semestru akademick\u00e9ho roku 2021\/2022"},"content":{"rendered":"\n<p>V\u00e1\u017een\u00e9 kolegyn\u011b a kolegov\u00e9,<\/p>\n\n\n\n<p>s&nbsp;ohledem na zah\u00e1jen\u00ed v\u00fduky tradi\u010dn\u00ed, prezen\u010dn\u00ed (chcete-li kontaktn\u00ed) formou bychom r\u00e1di prezentovali z\u00e1kladn\u00ed p\u0159ehled a pravidla chov\u00e1n\u00ed v&nbsp;pr\u016fb\u011bhu za\u010d\u00e1tku akademick\u00e9ho roku 2021\/2022. V\u017edy je nutn\u00e9 respektovat aktu\u00e1ln\u011b platn\u00e1 omezen\u00ed vypl\u00fdvaj\u00edc\u00ed ze z\u00e1vazn\u00fdch dokument\u016f p\u0159\u00edslu\u0161n\u00fdch instituc\u00ed a nelze proto tyto \u0159\u00e1dky br\u00e1t jako z\u00e1vazn\u00e9 pro cel\u00fd akademick\u00fd rok. N\u00ed\u017ee jsou uvedena vybran\u00e1 t\u00e9mata tak, aby byl zabezpe\u010den hladk\u00fd pr\u016fb\u011bh v\u00fduky.<\/p>\n\n\n\n<h2 class=\"wp-block-heading\">No\u0161en\u00ed ochrann\u00fdch pom\u016fcek zakr\u00fdvaj\u00edc\u00ed nos a \u00fasta<\/h2>\n\n\n\n<p>Aktu\u00e1ln\u011b plat\u00ed, \u017ee vstup do budov vysok\u00fdch \u0161kol je povolen pouze t\u011bm osob\u00e1m, kter\u00fdm nos a \u00fasta zakr\u00fdv\u00e1 respir\u00e1tor nebo obdobn\u00fd prost\u0159edek bez v\u00fddechov\u00e9ho ventilu. Respir\u00e1tor nen\u00ed nutn\u00e9 p\u0159i v\u00fduce, pokud jsou studenti usazeni a pochopiteln\u011b p\u0159i konzumaci. Respektujme v\u0161ak ochranu nosu a \u00fast p\u0159edev\u0161\u00edm ve spole\u010dn\u00fdch prostor\u00e1ch.<\/p>\n\n\n\n<h2 class=\"wp-block-heading\">Kdo nesm\u00ed do budovy \u0161koly<\/h2>\n\n\n\n<p>Ve vztahu k&nbsp;nemoci covid-19 nesm\u00ed do budovy \u0161koly osoba, kter\u00e1 trp\u00ed p\u0159\u00edznaky t\u00e9to nemoci (zejm\u00e9na ka\u0161el, hore\u010dka, ztr\u00e1ta chuti a \u010dichu) nebo nenos\u00ed respir\u00e1tor (viz v\u00fd\u0161e). Pochopiteln\u011b nelze vstupovat do budovy \u0161koly v&nbsp;p\u0159\u00edpad\u011b na\u0159\u00edzen\u00e9 karant\u00e9ny apod. Po n\u00e1vratu ze zahrani\u010d\u00ed je tak\u00e9 nutn\u00e9 respektovat aktu\u00e1ln\u011b platn\u00e1 na\u0159\u00edzen\u00ed vztahuj\u00edc\u00ed se zejm\u00e9na povinnost vyplnit p\u0159\u00edjezdov\u00fd formul\u00e1\u0159 a p\u0159\u00edpadn\u011b dal\u0161\u00ed povinnosti vypl\u00fdvaj\u00edc\u00ed z&nbsp;aktu\u00e1ln\u00edch opat\u0159en\u00ed.<\/p>\n\n\n\n<h2 class=\"wp-block-heading\">Co d\u011blat v&nbsp;p\u0159\u00edpad\u011b p\u0159\u00edznak\u016f nemoci covid-19<\/h2>\n\n\n\n<p>V&nbsp;p\u0159\u00edpad\u011b p\u0159\u00edznak\u016f nemoci covid-19 je nutn\u00e9 kontaktovat sv\u00e9ho l\u00e9ka\u0159e, kter\u00fd rozhodne o dal\u0161\u00edm postupu.<\/p>\n\n\n\n<h2 class=\"wp-block-heading\">Co d\u011blat v&nbsp;p\u0159\u00edpad\u011b prokazateln\u00e9ho kontaktu s&nbsp;naka\u017een\u00fdm<\/h2>\n\n\n\n<p>V&nbsp;p\u0159\u00edpad\u011b tzv. rizikov\u00e9ho kontaktu nen\u00ed v&nbsp;pravomoci studenta rozhodnout o rizikovosti takov\u00e9ho kontaktu. Pokud je\u0161t\u011b neprob\u011bhl kontakt p\u0159\u00edslu\u0161nou hygienickou stanic\u00ed, je nutn\u00e9 telefonicky kontaktovat sv\u00e9ho l\u00e9ka\u0159e, kter\u00fd rozhodne o dal\u0161\u00edm postupu.<\/p>\n\n\n\n<h2 class=\"wp-block-heading\">Prokazov\u00e1n\u00ed bezinfek\u010dnosti<\/h2>\n\n\n\n<p>Aktu\u00e1ln\u011b plat\u00ed, \u017ee studenti a zam\u011bstnanci \u0161koly mus\u00ed prokazovat bezinfek\u010dnost pouze v&nbsp;p\u0159\u00edpad\u011b n\u00e1vratu nebo cest ze zahrani\u010d\u00ed. K&nbsp;tomuto se vyu\u017e\u00edv\u00e1&nbsp;<a href=\"https:\/\/is.vsh.cz\/auth\/koronavirus\/\">https:\/\/is.vsh.cz\/auth\/koronavirus\/<\/a>. Bezinfek\u010dnost je nutn\u00e9 tak\u00e9 prok\u00e1zat v&nbsp;p\u0159\u00edpad\u011b kon\u00e1n\u00ed akademick\u00fdch ob\u0159ad\u016f (a to bez ohledu na skute\u010dnost, zda se konaj\u00ed v&nbsp;budov\u011b \u0161koly nebo mimo ni).<\/p>\n","protected":false},"excerpt":{"rendered":"<p>V\u00e1\u017een\u00e9 kolegyn\u011b a kolegov\u00e9, s&nbsp;ohledem na zah\u00e1jen\u00ed v\u00fduky tradi\u010dn\u00ed, prezen\u010dn\u00ed (chcete-li kontaktn\u00ed) formou bychom r\u00e1di prezentovali z\u00e1kladn\u00ed p\u0159ehled a pravidla chov\u00e1n\u00ed v&nbsp;pr\u016fb\u011bhu za\u010d\u00e1tku akademick\u00e9ho roku 2021\/2022. V\u017edy je nutn\u00e9 respektovat aktu\u00e1ln\u011b platn\u00e1 omezen\u00ed vypl\u00fdvaj\u00edc\u00ed ze z\u00e1vazn\u00fdch dokument\u016f p\u0159\u00edslu\u0161n\u00fdch instituc\u00ed a nelze proto tyto \u0159\u00e1dky br\u00e1t jako z\u00e1vazn\u00e9 pro cel\u00fd akademick\u00fd rok. N\u00ed\u017ee jsou uvedena vybran\u00e1 [&hellip;]<\/p>\n","protected":false},"featured_media":4324,"template":"","kategoria":[11],"mesto":[13],"skola":[],"class_list":["post-3572","aktuality","type-aktuality","status-publish","has-post-thumbnail","hentry","kategoria-novinky","mesto-praha"],"yoast_head":"<!-- This site is optimized with the Yoast SEO plugin v26.8 - https:\/\/yoast.com\/product\/yoast-seo-wordpress\/ -->\n<title>Pravidla a z\u00e1kladn\u00ed pokyny k za\u010d\u00e1tku zimn\u00edho semestru akademick\u00e9ho roku 2021\/2022 - Vysok\u00e1 \u0161kola hotelov\u00e1 a ekonomick\u00e1<\/title>\n<meta name=\"robots\" content=\"index, follow, max-snippet:-1, max-image-preview:large, max-video-preview:-1\" \/>\n<link rel=\"canonical\" href=\"https:\/\/vshe.cz\/sk\/aktuality\/pravidla-a-zakladni-pokyny-k-zacatku-zimniho-semestru-akademickeho-roku-2021-2022\/\" \/>\n<meta property=\"og:locale\" content=\"sk_SK\" \/>\n<meta property=\"og:type\" content=\"article\" \/>\n<meta property=\"og:title\" content=\"Pravidla a z\u00e1kladn\u00ed pokyny k za\u010d\u00e1tku zimn\u00edho semestru akademick\u00e9ho roku 2021\/2022 - Vysok\u00e1 \u0161kola hotelov\u00e1 a ekonomick\u00e1\" \/>\n<meta property=\"og:description\" content=\"V\u00e1\u017een\u00e9 kolegyn\u011b a kolegov\u00e9, s&nbsp;ohledem na zah\u00e1jen\u00ed v\u00fduky tradi\u010dn\u00ed, prezen\u010dn\u00ed (chcete-li kontaktn\u00ed) formou bychom r\u00e1di prezentovali z\u00e1kladn\u00ed p\u0159ehled a pravidla chov\u00e1n\u00ed v&nbsp;pr\u016fb\u011bhu za\u010d\u00e1tku akademick\u00e9ho roku 2021\/2022. V\u017edy je nutn\u00e9 respektovat aktu\u00e1ln\u011b platn\u00e1 omezen\u00ed vypl\u00fdvaj\u00edc\u00ed ze z\u00e1vazn\u00fdch dokument\u016f p\u0159\u00edslu\u0161n\u00fdch instituc\u00ed a nelze proto tyto \u0159\u00e1dky br\u00e1t jako z\u00e1vazn\u00e9 pro cel\u00fd akademick\u00fd rok. N\u00ed\u017ee jsou uvedena vybran\u00e1 [&hellip;]\" \/>\n<meta property=\"og:url\" content=\"https:\/\/vshe.cz\/sk\/aktuality\/pravidla-a-zakladni-pokyny-k-zacatku-zimniho-semestru-akademickeho-roku-2021-2022\/\" \/>\n<meta property=\"og:site_name\" content=\"Vysok\u00e1 \u0161kola hotelov\u00e1 a ekonomick\u00e1\" \/>\n<meta property=\"article:modified_time\" content=\"2021-09-29T13:09:38+00:00\" \/>\n<meta property=\"og:image\" content=\"https:\/\/vshe.cz\/wp-content\/uploads\/2022\/01\/VS\u030cHE-iba-logo.png\" \/>\n\t<meta property=\"og:image:width\" content=\"1910\" \/>\n\t<meta property=\"og:image:height\" content=\"1812\" \/>\n\t<meta property=\"og:image:type\" content=\"image\/png\" \/>\n<meta name=\"twitter:card\" content=\"summary_large_image\" \/>\n<meta name=\"twitter:label1\" content=\"Predpokladan\u00fd \u010das \u010d\u00edtania\" \/>\n\t<meta name=\"twitter:data1\" content=\"2 min\u00faty\" \/>\n<script type=\"application\/ld+json\" class=\"yoast-schema-graph\">{\"@context\":\"https:\/\/schema.org\",\"@graph\":[{\"@type\":\"WebPage\",\"@id\":\"https:\/\/vshe.cz\/sk\/aktuality\/pravidla-a-zakladni-pokyny-k-zacatku-zimniho-semestru-akademickeho-roku-2021-2022\/\",\"url\":\"https:\/\/vshe.cz\/sk\/aktuality\/pravidla-a-zakladni-pokyny-k-zacatku-zimniho-semestru-akademickeho-roku-2021-2022\/\",\"name\":\"Pravidla a z\u00e1kladn\u00ed pokyny k za\u010d\u00e1tku zimn\u00edho semestru akademick\u00e9ho roku 2021\/2022 - Vysok\u00e1 \u0161kola hotelov\u00e1 a ekonomick\u00e1\",\"isPartOf\":{\"@id\":\"https:\/\/vshe.cz\/sk\/#website\"},\"primaryImageOfPage\":{\"@id\":\"https:\/\/vshe.cz\/sk\/aktuality\/pravidla-a-zakladni-pokyny-k-zacatku-zimniho-semestru-akademickeho-roku-2021-2022\/#primaryimage\"},\"image\":{\"@id\":\"https:\/\/vshe.cz\/sk\/aktuality\/pravidla-a-zakladni-pokyny-k-zacatku-zimniho-semestru-akademickeho-roku-2021-2022\/#primaryimage\"},\"thumbnailUrl\":\"https:\/\/vshe.cz\/wp-content\/uploads\/2022\/01\/VS\u030cHE-iba-logo.png\",\"datePublished\":\"2021-09-27T14:46:38+00:00\",\"dateModified\":\"2021-09-29T13:09:38+00:00\",\"breadcrumb\":{\"@id\":\"https:\/\/vshe.cz\/sk\/aktuality\/pravidla-a-zakladni-pokyny-k-zacatku-zimniho-semestru-akademickeho-roku-2021-2022\/#breadcrumb\"},\"inLanguage\":\"sk-SK\",\"potentialAction\":[{\"@type\":\"ReadAction\",\"target\":[\"https:\/\/vshe.cz\/sk\/aktuality\/pravidla-a-zakladni-pokyny-k-zacatku-zimniho-semestru-akademickeho-roku-2021-2022\/\"]}]},{\"@type\":\"ImageObject\",\"inLanguage\":\"sk-SK\",\"@id\":\"https:\/\/vshe.cz\/sk\/aktuality\/pravidla-a-zakladni-pokyny-k-zacatku-zimniho-semestru-akademickeho-roku-2021-2022\/#primaryimage\",\"url\":\"https:\/\/vshe.cz\/wp-content\/uploads\/2022\/01\/VS\u030cHE-iba-logo.png\",\"contentUrl\":\"https:\/\/vshe.cz\/wp-content\/uploads\/2022\/01\/VS\u030cHE-iba-logo.png\",\"width\":1910,\"height\":1812},{\"@type\":\"BreadcrumbList\",\"@id\":\"https:\/\/vshe.cz\/sk\/aktuality\/pravidla-a-zakladni-pokyny-k-zacatku-zimniho-semestru-akademickeho-roku-2021-2022\/#breadcrumb\",\"itemListElement\":[{\"@type\":\"ListItem\",\"position\":1,\"name\":\"Vysok\u00e1 \u0161kola hotelov\u00e1 a ekonomick\u00e1\",\"item\":\"https:\/\/vshe.cz\/sk\/\"},{\"@type\":\"ListItem\",\"position\":2,\"name\":\"Aktuality\",\"item\":\"https:\/\/vshe.cz\/sk\/aktuality\/\"},{\"@type\":\"ListItem\",\"position\":3,\"name\":\"Novinky\",\"item\":\"https:\/\/vshe.cz\/sk\/kategoria\/novinky\/\"},{\"@type\":\"ListItem\",\"position\":4,\"name\":\"Pravidla a z\u00e1kladn\u00ed pokyny k za\u010d\u00e1tku zimn\u00edho semestru akademick\u00e9ho roku 2021\/2022\"}]},{\"@type\":\"WebSite\",\"@id\":\"https:\/\/vshe.cz\/sk\/#website\",\"url\":\"https:\/\/vshe.cz\/sk\/\",\"name\":\"Vysok\u00e1 \u0161kola hotelov\u00e1 a ekonomick\u00e1\",\"description\":\"Kvalita. Prest\u00ed\u017e. \u00daspech. Kari\u00e9ra.\",\"potentialAction\":[{\"@type\":\"SearchAction\",\"target\":{\"@type\":\"EntryPoint\",\"urlTemplate\":\"https:\/\/vshe.cz\/sk\/?s={search_term_string}\"},\"query-input\":{\"@type\":\"PropertyValueSpecification\",\"valueRequired\":true,\"valueName\":\"search_term_string\"}}],\"inLanguage\":\"sk-SK\"}]}<\/script>\n<!-- \/ Yoast SEO plugin. -->","yoast_head_json":{"title":"Pravidla a z\u00e1kladn\u00ed pokyny k za\u010d\u00e1tku zimn\u00edho semestru akademick\u00e9ho roku 2021\/2022 - Vysok\u00e1 \u0161kola hotelov\u00e1 a ekonomick\u00e1","robots":{"index":"index","follow":"follow","max-snippet":"max-snippet:-1","max-image-preview":"max-image-preview:large","max-video-preview":"max-video-preview:-1"},"canonical":"https:\/\/vshe.cz\/sk\/aktuality\/pravidla-a-zakladni-pokyny-k-zacatku-zimniho-semestru-akademickeho-roku-2021-2022\/","og_locale":"sk_SK","og_type":"article","og_title":"Pravidla a z\u00e1kladn\u00ed pokyny k za\u010d\u00e1tku zimn\u00edho semestru akademick\u00e9ho roku 2021\/2022 - Vysok\u00e1 \u0161kola hotelov\u00e1 a ekonomick\u00e1","og_description":"V\u00e1\u017een\u00e9 kolegyn\u011b a kolegov\u00e9, s&nbsp;ohledem na zah\u00e1jen\u00ed v\u00fduky tradi\u010dn\u00ed, prezen\u010dn\u00ed (chcete-li kontaktn\u00ed) formou bychom r\u00e1di prezentovali z\u00e1kladn\u00ed p\u0159ehled a pravidla chov\u00e1n\u00ed v&nbsp;pr\u016fb\u011bhu za\u010d\u00e1tku akademick\u00e9ho roku 2021\/2022. V\u017edy je nutn\u00e9 respektovat aktu\u00e1ln\u011b platn\u00e1 omezen\u00ed vypl\u00fdvaj\u00edc\u00ed ze z\u00e1vazn\u00fdch dokument\u016f p\u0159\u00edslu\u0161n\u00fdch instituc\u00ed a nelze proto tyto \u0159\u00e1dky br\u00e1t jako z\u00e1vazn\u00e9 pro cel\u00fd akademick\u00fd rok. N\u00ed\u017ee jsou uvedena vybran\u00e1 [&hellip;]","og_url":"https:\/\/vshe.cz\/sk\/aktuality\/pravidla-a-zakladni-pokyny-k-zacatku-zimniho-semestru-akademickeho-roku-2021-2022\/","og_site_name":"Vysok\u00e1 \u0161kola hotelov\u00e1 a ekonomick\u00e1","article_modified_time":"2021-09-29T13:09:38+00:00","og_image":[{"width":1910,"height":1812,"url":"https:\/\/vshe.cz\/wp-content\/uploads\/2022\/01\/VS\u030cHE-iba-logo.png","type":"image\/png"}],"twitter_card":"summary_large_image","twitter_misc":{"Predpokladan\u00fd \u010das \u010d\u00edtania":"2 min\u00faty"},"schema":{"@context":"https:\/\/schema.org","@graph":[{"@type":"WebPage","@id":"https:\/\/vshe.cz\/sk\/aktuality\/pravidla-a-zakladni-pokyny-k-zacatku-zimniho-semestru-akademickeho-roku-2021-2022\/","url":"https:\/\/vshe.cz\/sk\/aktuality\/pravidla-a-zakladni-pokyny-k-zacatku-zimniho-semestru-akademickeho-roku-2021-2022\/","name":"Pravidla a z\u00e1kladn\u00ed pokyny k za\u010d\u00e1tku zimn\u00edho semestru akademick\u00e9ho roku 2021\/2022 - Vysok\u00e1 \u0161kola hotelov\u00e1 a ekonomick\u00e1","isPartOf":{"@id":"https:\/\/vshe.cz\/sk\/#website"},"primaryImageOfPage":{"@id":"https:\/\/vshe.cz\/sk\/aktuality\/pravidla-a-zakladni-pokyny-k-zacatku-zimniho-semestru-akademickeho-roku-2021-2022\/#primaryimage"},"image":{"@id":"https:\/\/vshe.cz\/sk\/aktuality\/pravidla-a-zakladni-pokyny-k-zacatku-zimniho-semestru-akademickeho-roku-2021-2022\/#primaryimage"},"thumbnailUrl":"https:\/\/vshe.cz\/wp-content\/uploads\/2022\/01\/VS\u030cHE-iba-logo.png","datePublished":"2021-09-27T14:46:38+00:00","dateModified":"2021-09-29T13:09:38+00:00","breadcrumb":{"@id":"https:\/\/vshe.cz\/sk\/aktuality\/pravidla-a-zakladni-pokyny-k-zacatku-zimniho-semestru-akademickeho-roku-2021-2022\/#breadcrumb"},"inLanguage":"sk-SK","potentialAction":[{"@type":"ReadAction","target":["https:\/\/vshe.cz\/sk\/aktuality\/pravidla-a-zakladni-pokyny-k-zacatku-zimniho-semestru-akademickeho-roku-2021-2022\/"]}]},{"@type":"ImageObject","inLanguage":"sk-SK","@id":"https:\/\/vshe.cz\/sk\/aktuality\/pravidla-a-zakladni-pokyny-k-zacatku-zimniho-semestru-akademickeho-roku-2021-2022\/#primaryimage","url":"https:\/\/vshe.cz\/wp-content\/uploads\/2022\/01\/VS\u030cHE-iba-logo.png","contentUrl":"https:\/\/vshe.cz\/wp-content\/uploads\/2022\/01\/VS\u030cHE-iba-logo.png","width":1910,"height":1812},{"@type":"BreadcrumbList","@id":"https:\/\/vshe.cz\/sk\/aktuality\/pravidla-a-zakladni-pokyny-k-zacatku-zimniho-semestru-akademickeho-roku-2021-2022\/#breadcrumb","itemListElement":[{"@type":"ListItem","position":1,"name":"Vysok\u00e1 \u0161kola hotelov\u00e1 a ekonomick\u00e1","item":"https:\/\/vshe.cz\/sk\/"},{"@type":"ListItem","position":2,"name":"Aktuality","item":"https:\/\/vshe.cz\/sk\/aktuality\/"},{"@type":"ListItem","position":3,"name":"Novinky","item":"https:\/\/vshe.cz\/sk\/kategoria\/novinky\/"},{"@type":"ListItem","position":4,"name":"Pravidla a z\u00e1kladn\u00ed pokyny k za\u010d\u00e1tku zimn\u00edho semestru akademick\u00e9ho roku 2021\/2022"}]},{"@type":"WebSite","@id":"https:\/\/vshe.cz\/sk\/#website","url":"https:\/\/vshe.cz\/sk\/","name":"Vysok\u00e1 \u0161kola hotelov\u00e1 a ekonomick\u00e1","description":"Kvalita. Prest\u00ed\u017e. \u00daspech. Kari\u00e9ra.","potentialAction":[{"@type":"SearchAction","target":{"@type":"EntryPoint","urlTemplate":"https:\/\/vshe.cz\/sk\/?s={search_term_string}"},"query-input":{"@type":"PropertyValueSpecification","valueRequired":true,"valueName":"search_term_string"}}],"inLanguage":"sk-SK"}]}},"meta_box":[],"_links":{"self":[{"href":"https:\/\/vshe.cz\/sk\/wp-json\/wp\/v2\/aktuality\/3572","targetHints":{"allow":["GET"]}}],"collection":[{"href":"https:\/\/vshe.cz\/sk\/wp-json\/wp\/v2\/aktuality"}],"about":[{"href":"https:\/\/vshe.cz\/sk\/wp-json\/wp\/v2\/types\/aktuality"}],"version-history":[{"count":2,"href":"https:\/\/vshe.cz\/sk\/wp-json\/wp\/v2\/aktuality\/3572\/revisions"}],"predecessor-version":[{"id":3575,"href":"https:\/\/vshe.cz\/sk\/wp-json\/wp\/v2\/aktuality\/3572\/revisions\/3575"}],"wp:featuredmedia":[{"embeddable":true,"href":"https:\/\/vshe.cz\/sk\/wp-json\/wp\/v2\/media\/4324"}],"wp:attachment":[{"href":"https:\/\/vshe.cz\/sk\/wp-json\/wp\/v2\/media?parent=3572"}],"wp:term":[{"taxonomy":"kategoria","embeddable":true,"href":"https:\/\/vshe.cz\/sk\/wp-json\/wp\/v2\/kategoria?post=3572"},{"taxonomy":"mesto","embeddable":true,"href":"https:\/\/vshe.cz\/sk\/wp-json\/wp\/v2\/mesto?post=3572"},{"taxonomy":"skola","embeddable":true,"href":"https:\/\/vshe.cz\/sk\/wp-json\/wp\/v2\/skola?post=3572"}],"curies":[{"name":"wp","href":"https:\/\/api.w.org\/{rel}","templated":true}]}}