{"id":5454,"date":"2022-02-22T08:33:12","date_gmt":"2022-02-22T07:33:12","guid":{"rendered":"https:\/\/vshe.cz\/?post_type=aktuality&#038;p=5454"},"modified":"2022-02-22T08:33:13","modified_gmt":"2022-02-22T07:33:13","slug":"za-profesorkou-janou-kucerovou","status":"publish","type":"aktuality","link":"https:\/\/vshe.cz\/sk\/aktuality\/za-profesorkou-janou-kucerovou\/","title":{"rendered":"Za profesorkou Janou Ku\u010derovou"},"content":{"rendered":"\n<p class=\"has-text-align-left\"><strong>V&nbsp;sobotu dne 19. \u00fanora 2022 zem\u0159ela prof. Ing. Jana Ku\u010derov\u00e1, PhD., \u010dlenka katedry cestovn\u00edho ruchu Ekonomick\u00e9 fakulty Univerzity Mateja Bela v&nbsp;Bansk\u00e9 Bystrici, kter\u00e1 byla rovn\u011b\u017e \u010dlenkou Akademick\u00e9 rady Vysok\u00e9 \u0161koly hotelov\u00e9 a ekonomick\u00e9. Profesorka Ku\u010derov\u00e1 byla v\u00fdjime\u010dnou d\u00e1mou a nenahraditelnou osobnost\u00ed. Vyzdvihnout je nutn\u00e9 jej\u00ed profesionalitu, nadhled, lidskost a pozitivitu.<\/strong><\/p>\n\n\n\n<p class=\"has-text-align-left\">Jana Ku\u010derov\u00e1 p\u016fsobila na banskobystrick\u00e9 vysok\u00e9 \u0161kole od roku 1979. Po \u00fasp\u011b\u0161n\u00e9m habilita\u010dn\u00edm \u0159\u00edzen\u00ed byla v&nbsp;roce 2000 jmenov\u00e1na docentkou. V&nbsp;letech 2000\u20132003 vedla Evropsk\u00e9 informa\u010dn\u00ed centrum p\u0159i Univerzit\u011b Mateja Bela. V&nbsp;letech 2004\u20132005 u\u017e jako zam\u011bstnankyn\u011b Evropsk\u00e9ho parlamentu v&nbsp;Bruselu vykon\u00e1vala funkci \u0159editelky Informa\u010dn\u00ed kancel\u00e1\u0159e Evropsk\u00e9ho parlamentu na Slovensku.<\/p>\n\n\n\n<p class=\"has-text-align-left\">V&nbsp;pedagogick\u00e9 a v\u00fdzkumn\u00e9 \u010dinnosti se zam\u011b\u0159ovala na pl\u00e1nov\u00e1n\u00ed a politiku cestovn\u00edho ruchu, podnik\u00e1n\u00ed v&nbsp;cestovn\u00edm ruchu a projektov\u00fd management v&nbsp;cestovn\u00edm ruchu. V&nbsp;r\u00e1mci inaugura\u010dn\u00edho \u0159\u00edzen\u00ed p\u0159ednesla v&nbsp;roce 2015 inaugura\u010dn\u00ed p\u0159edn\u00e1\u0161ku na t\u00e9ma \u201ePl\u00e1nov\u00e1n\u00ed a politika cestovn\u00edho ruchu \u2013 teoretick\u00e1 v\u00fdchodiska\u201c a v&nbsp;roce 2016 byla jmenov\u00e1na prezidentem republiky Andrejem Kiskou vysoko\u0161kolskou profesorkou. Jako \u0161kolitelka vychovala osm doktorand\u016f.<\/p>\n\n\n\n<p class=\"has-text-align-left\">Byla \u010dlenkou v\u011bdeck\u00e9 rady Ekonomick\u00e9 fakulty Univerzity Mateja Bela, Rady pro cestovn\u00ed ruch Ministerstva dopravy a v\u00fdstavby SR a \u00fazce spolupracovala s&nbsp;podnikatelskou sf\u00e9rou v&nbsp;cestovn\u00edm ruchu. Za pedagogickou, v\u011bdecko-v\u00fdzkumnou \u010dinnost a anga\u017eovanost na poli cestovn\u00edho ruchu z\u00edskala v&nbsp;roce 2015 uzn\u00e1n\u00ed za z\u00e1sluhy o rozvoj resortu od ministra dopravy a v\u00fdstavby SR. Byla rovn\u011b\u017e \u010dlenkou redak\u010dn\u00ed rady v\u011bdeck\u00e9ho \u010dasopisu Ekonomick\u00e1 revue cestovn\u00e9ho ruchu.<\/p>\n\n\n\n<p class=\"has-text-align-left\">\u010cest jej\u00ed pam\u00e1tce.<\/p>\n\n\n\n<p><strong>Ing. Martin Pet\u0159\u00ed\u010dek, Ph.D.<\/strong><br>rektor<br>Vysok\u00e1 \u0161kola hotelov\u00e1 a ekonomick\u00e1<\/p>\n","protected":false},"excerpt":{"rendered":"<p>V&nbsp;sobotu dne 19. \u00fanora 2022 zem\u0159ela prof. Ing. Jana Ku\u010derov\u00e1, PhD., \u010dlenka katedry cestovn\u00edho ruchu Ekonomick\u00e9 fakulty Univerzity Mateja Bela v&nbsp;Bansk\u00e9 Bystrici, kter\u00e1 byla rovn\u011b\u017e \u010dlenkou Akademick\u00e9 rady Vysok\u00e9 \u0161koly hotelov\u00e9 a ekonomick\u00e9. Profesorka Ku\u010derov\u00e1 byla v\u00fdjime\u010dnou d\u00e1mou a nenahraditelnou osobnost\u00ed. Vyzdvihnout je nutn\u00e9 jej\u00ed profesionalitu, nadhled, lidskost a pozitivitu. Jana Ku\u010derov\u00e1 p\u016fsobila na banskobystrick\u00e9 [&hellip;]<\/p>\n","protected":false},"featured_media":5455,"template":"","kategoria":[],"mesto":[],"skola":[],"class_list":["post-5454","aktuality","type-aktuality","status-publish","has-post-thumbnail","hentry"],"yoast_head":"<!-- This site is optimized with the Yoast SEO plugin v26.8 - https:\/\/yoast.com\/product\/yoast-seo-wordpress\/ -->\n<title>Za profesorkou Janou Ku\u010derovou - Vysok\u00e1 \u0161kola hotelov\u00e1 a ekonomick\u00e1<\/title>\n<meta name=\"robots\" content=\"index, follow, max-snippet:-1, max-image-preview:large, max-video-preview:-1\" \/>\n<link rel=\"canonical\" href=\"https:\/\/vshe.cz\/sk\/aktuality\/za-profesorkou-janou-kucerovou\/\" \/>\n<meta property=\"og:locale\" content=\"sk_SK\" \/>\n<meta property=\"og:type\" content=\"article\" \/>\n<meta property=\"og:title\" content=\"Za profesorkou Janou Ku\u010derovou - Vysok\u00e1 \u0161kola hotelov\u00e1 a ekonomick\u00e1\" \/>\n<meta property=\"og:description\" content=\"V&nbsp;sobotu dne 19. \u00fanora 2022 zem\u0159ela prof. Ing. Jana Ku\u010derov\u00e1, PhD., \u010dlenka katedry cestovn\u00edho ruchu Ekonomick\u00e9 fakulty Univerzity Mateja Bela v&nbsp;Bansk\u00e9 Bystrici, kter\u00e1 byla rovn\u011b\u017e \u010dlenkou Akademick\u00e9 rady Vysok\u00e9 \u0161koly hotelov\u00e9 a ekonomick\u00e9. Profesorka Ku\u010derov\u00e1 byla v\u00fdjime\u010dnou d\u00e1mou a nenahraditelnou osobnost\u00ed. Vyzdvihnout je nutn\u00e9 jej\u00ed profesionalitu, nadhled, lidskost a pozitivitu. Jana Ku\u010derov\u00e1 p\u016fsobila na banskobystrick\u00e9 [&hellip;]\" \/>\n<meta property=\"og:url\" content=\"https:\/\/vshe.cz\/sk\/aktuality\/za-profesorkou-janou-kucerovou\/\" \/>\n<meta property=\"og:site_name\" content=\"Vysok\u00e1 \u0161kola hotelov\u00e1 a ekonomick\u00e1\" \/>\n<meta property=\"article:modified_time\" content=\"2022-02-22T07:33:13+00:00\" \/>\n<meta property=\"og:image\" content=\"https:\/\/vshe.cz\/wp-content\/uploads\/2022\/02\/Kucerova-parte.png\" \/>\n\t<meta property=\"og:image:width\" content=\"1247\" \/>\n\t<meta property=\"og:image:height\" content=\"876\" \/>\n\t<meta property=\"og:image:type\" content=\"image\/png\" \/>\n<meta name=\"twitter:card\" content=\"summary_large_image\" \/>\n<meta name=\"twitter:label1\" content=\"Predpokladan\u00fd \u010das \u010d\u00edtania\" \/>\n\t<meta name=\"twitter:data1\" content=\"2 min\u00faty\" \/>\n<script type=\"application\/ld+json\" class=\"yoast-schema-graph\">{\"@context\":\"https:\/\/schema.org\",\"@graph\":[{\"@type\":\"WebPage\",\"@id\":\"https:\/\/vshe.cz\/sk\/aktuality\/za-profesorkou-janou-kucerovou\/\",\"url\":\"https:\/\/vshe.cz\/sk\/aktuality\/za-profesorkou-janou-kucerovou\/\",\"name\":\"Za profesorkou Janou Ku\u010derovou - Vysok\u00e1 \u0161kola hotelov\u00e1 a ekonomick\u00e1\",\"isPartOf\":{\"@id\":\"https:\/\/vshe.cz\/sk\/#website\"},\"primaryImageOfPage\":{\"@id\":\"https:\/\/vshe.cz\/sk\/aktuality\/za-profesorkou-janou-kucerovou\/#primaryimage\"},\"image\":{\"@id\":\"https:\/\/vshe.cz\/sk\/aktuality\/za-profesorkou-janou-kucerovou\/#primaryimage\"},\"thumbnailUrl\":\"https:\/\/vshe.cz\/wp-content\/uploads\/2022\/02\/Kucerova-parte.png\",\"datePublished\":\"2022-02-22T07:33:12+00:00\",\"dateModified\":\"2022-02-22T07:33:13+00:00\",\"breadcrumb\":{\"@id\":\"https:\/\/vshe.cz\/sk\/aktuality\/za-profesorkou-janou-kucerovou\/#breadcrumb\"},\"inLanguage\":\"sk-SK\",\"potentialAction\":[{\"@type\":\"ReadAction\",\"target\":[\"https:\/\/vshe.cz\/sk\/aktuality\/za-profesorkou-janou-kucerovou\/\"]}]},{\"@type\":\"ImageObject\",\"inLanguage\":\"sk-SK\",\"@id\":\"https:\/\/vshe.cz\/sk\/aktuality\/za-profesorkou-janou-kucerovou\/#primaryimage\",\"url\":\"https:\/\/vshe.cz\/wp-content\/uploads\/2022\/02\/Kucerova-parte.png\",\"contentUrl\":\"https:\/\/vshe.cz\/wp-content\/uploads\/2022\/02\/Kucerova-parte.png\",\"width\":1247,\"height\":876},{\"@type\":\"BreadcrumbList\",\"@id\":\"https:\/\/vshe.cz\/sk\/aktuality\/za-profesorkou-janou-kucerovou\/#breadcrumb\",\"itemListElement\":[{\"@type\":\"ListItem\",\"position\":1,\"name\":\"Vysok\u00e1 \u0161kola hotelov\u00e1 a ekonomick\u00e1\",\"item\":\"https:\/\/vshe.cz\/sk\/\"},{\"@type\":\"ListItem\",\"position\":2,\"name\":\"Aktuality\",\"item\":\"https:\/\/vshe.cz\/sk\/aktuality\/\"},{\"@type\":\"ListItem\",\"position\":3,\"name\":\"Za profesorkou Janou Ku\u010derovou\"}]},{\"@type\":\"WebSite\",\"@id\":\"https:\/\/vshe.cz\/sk\/#website\",\"url\":\"https:\/\/vshe.cz\/sk\/\",\"name\":\"Vysok\u00e1 \u0161kola hotelov\u00e1 a ekonomick\u00e1\",\"description\":\"Kvalita. Prest\u00ed\u017e. \u00daspech. Kari\u00e9ra.\",\"potentialAction\":[{\"@type\":\"SearchAction\",\"target\":{\"@type\":\"EntryPoint\",\"urlTemplate\":\"https:\/\/vshe.cz\/sk\/?s={search_term_string}\"},\"query-input\":{\"@type\":\"PropertyValueSpecification\",\"valueRequired\":true,\"valueName\":\"search_term_string\"}}],\"inLanguage\":\"sk-SK\"}]}<\/script>\n<!-- \/ Yoast SEO plugin. -->","yoast_head_json":{"title":"Za profesorkou Janou Ku\u010derovou - Vysok\u00e1 \u0161kola hotelov\u00e1 a ekonomick\u00e1","robots":{"index":"index","follow":"follow","max-snippet":"max-snippet:-1","max-image-preview":"max-image-preview:large","max-video-preview":"max-video-preview:-1"},"canonical":"https:\/\/vshe.cz\/sk\/aktuality\/za-profesorkou-janou-kucerovou\/","og_locale":"sk_SK","og_type":"article","og_title":"Za profesorkou Janou Ku\u010derovou - Vysok\u00e1 \u0161kola hotelov\u00e1 a ekonomick\u00e1","og_description":"V&nbsp;sobotu dne 19. \u00fanora 2022 zem\u0159ela prof. Ing. Jana Ku\u010derov\u00e1, PhD., \u010dlenka katedry cestovn\u00edho ruchu Ekonomick\u00e9 fakulty Univerzity Mateja Bela v&nbsp;Bansk\u00e9 Bystrici, kter\u00e1 byla rovn\u011b\u017e \u010dlenkou Akademick\u00e9 rady Vysok\u00e9 \u0161koly hotelov\u00e9 a ekonomick\u00e9. Profesorka Ku\u010derov\u00e1 byla v\u00fdjime\u010dnou d\u00e1mou a nenahraditelnou osobnost\u00ed. Vyzdvihnout je nutn\u00e9 jej\u00ed profesionalitu, nadhled, lidskost a pozitivitu. Jana Ku\u010derov\u00e1 p\u016fsobila na banskobystrick\u00e9 [&hellip;]","og_url":"https:\/\/vshe.cz\/sk\/aktuality\/za-profesorkou-janou-kucerovou\/","og_site_name":"Vysok\u00e1 \u0161kola hotelov\u00e1 a ekonomick\u00e1","article_modified_time":"2022-02-22T07:33:13+00:00","og_image":[{"width":1247,"height":876,"url":"https:\/\/vshe.cz\/wp-content\/uploads\/2022\/02\/Kucerova-parte.png","type":"image\/png"}],"twitter_card":"summary_large_image","twitter_misc":{"Predpokladan\u00fd \u010das \u010d\u00edtania":"2 min\u00faty"},"schema":{"@context":"https:\/\/schema.org","@graph":[{"@type":"WebPage","@id":"https:\/\/vshe.cz\/sk\/aktuality\/za-profesorkou-janou-kucerovou\/","url":"https:\/\/vshe.cz\/sk\/aktuality\/za-profesorkou-janou-kucerovou\/","name":"Za profesorkou Janou Ku\u010derovou - Vysok\u00e1 \u0161kola hotelov\u00e1 a ekonomick\u00e1","isPartOf":{"@id":"https:\/\/vshe.cz\/sk\/#website"},"primaryImageOfPage":{"@id":"https:\/\/vshe.cz\/sk\/aktuality\/za-profesorkou-janou-kucerovou\/#primaryimage"},"image":{"@id":"https:\/\/vshe.cz\/sk\/aktuality\/za-profesorkou-janou-kucerovou\/#primaryimage"},"thumbnailUrl":"https:\/\/vshe.cz\/wp-content\/uploads\/2022\/02\/Kucerova-parte.png","datePublished":"2022-02-22T07:33:12+00:00","dateModified":"2022-02-22T07:33:13+00:00","breadcrumb":{"@id":"https:\/\/vshe.cz\/sk\/aktuality\/za-profesorkou-janou-kucerovou\/#breadcrumb"},"inLanguage":"sk-SK","potentialAction":[{"@type":"ReadAction","target":["https:\/\/vshe.cz\/sk\/aktuality\/za-profesorkou-janou-kucerovou\/"]}]},{"@type":"ImageObject","inLanguage":"sk-SK","@id":"https:\/\/vshe.cz\/sk\/aktuality\/za-profesorkou-janou-kucerovou\/#primaryimage","url":"https:\/\/vshe.cz\/wp-content\/uploads\/2022\/02\/Kucerova-parte.png","contentUrl":"https:\/\/vshe.cz\/wp-content\/uploads\/2022\/02\/Kucerova-parte.png","width":1247,"height":876},{"@type":"BreadcrumbList","@id":"https:\/\/vshe.cz\/sk\/aktuality\/za-profesorkou-janou-kucerovou\/#breadcrumb","itemListElement":[{"@type":"ListItem","position":1,"name":"Vysok\u00e1 \u0161kola hotelov\u00e1 a ekonomick\u00e1","item":"https:\/\/vshe.cz\/sk\/"},{"@type":"ListItem","position":2,"name":"Aktuality","item":"https:\/\/vshe.cz\/sk\/aktuality\/"},{"@type":"ListItem","position":3,"name":"Za profesorkou Janou Ku\u010derovou"}]},{"@type":"WebSite","@id":"https:\/\/vshe.cz\/sk\/#website","url":"https:\/\/vshe.cz\/sk\/","name":"Vysok\u00e1 \u0161kola hotelov\u00e1 a ekonomick\u00e1","description":"Kvalita. Prest\u00ed\u017e. \u00daspech. Kari\u00e9ra.","potentialAction":[{"@type":"SearchAction","target":{"@type":"EntryPoint","urlTemplate":"https:\/\/vshe.cz\/sk\/?s={search_term_string}"},"query-input":{"@type":"PropertyValueSpecification","valueRequired":true,"valueName":"search_term_string"}}],"inLanguage":"sk-SK"}]}},"meta_box":[],"_links":{"self":[{"href":"https:\/\/vshe.cz\/sk\/wp-json\/wp\/v2\/aktuality\/5454","targetHints":{"allow":["GET"]}}],"collection":[{"href":"https:\/\/vshe.cz\/sk\/wp-json\/wp\/v2\/aktuality"}],"about":[{"href":"https:\/\/vshe.cz\/sk\/wp-json\/wp\/v2\/types\/aktuality"}],"version-history":[{"count":1,"href":"https:\/\/vshe.cz\/sk\/wp-json\/wp\/v2\/aktuality\/5454\/revisions"}],"predecessor-version":[{"id":5460,"href":"https:\/\/vshe.cz\/sk\/wp-json\/wp\/v2\/aktuality\/5454\/revisions\/5460"}],"wp:featuredmedia":[{"embeddable":true,"href":"https:\/\/vshe.cz\/sk\/wp-json\/wp\/v2\/media\/5455"}],"wp:attachment":[{"href":"https:\/\/vshe.cz\/sk\/wp-json\/wp\/v2\/media?parent=5454"}],"wp:term":[{"taxonomy":"kategoria","embeddable":true,"href":"https:\/\/vshe.cz\/sk\/wp-json\/wp\/v2\/kategoria?post=5454"},{"taxonomy":"mesto","embeddable":true,"href":"https:\/\/vshe.cz\/sk\/wp-json\/wp\/v2\/mesto?post=5454"},{"taxonomy":"skola","embeddable":true,"href":"https:\/\/vshe.cz\/sk\/wp-json\/wp\/v2\/skola?post=5454"}],"curies":[{"name":"wp","href":"https:\/\/api.w.org\/{rel}","templated":true}]}}