{"id":5550,"date":"2022-05-05T15:12:01","date_gmt":"2022-05-05T13:12:01","guid":{"rendered":"https:\/\/vshe.cz\/?post_type=aktuality&#038;p=5550"},"modified":"2022-05-05T20:35:56","modified_gmt":"2022-05-05T18:35:56","slug":"zazi-den-vysokoskolaka","status":"publish","type":"aktuality","link":"https:\/\/vshe.cz\/sk\/aktuality\/zazi-den-vysokoskolaka\/","title":{"rendered":"Za\u017eij den vysoko\u0161kol\u00e1ka!"},"content":{"rendered":"\n<p><strong>Vysok\u00e1 \u0161kola hotelov\u00e1 a ekonomick\u00e1 (V\u0160HE) organizuje ka\u017ed\u00fd semestr pro z\u00e1jemce o studium<\/strong>\u00a0na vysok\u00e9 \u0161kole akci s\u00a0n\u00e1zvem\u00a0\u201eOchutnejte V\u0160HE, aneb za\u017eij den vysoko\u0161kol\u00e1ka!\u201c.\u00a0Akce m\u00e1 za \u00fakol p\u0159edstavit na\u0161i \u0161kolu, sezn\u00e1mit s\u00a0akademick\u00fdm prost\u0159ed\u00edm\u00a0<em>profesn\u00ed vysok\u00e9 \u0161koly<\/em>, nav\u0161t\u00edvit v\u00fduku jednotliv\u00fdch specializac\u00ed, poznat z\u00e1kout\u00ed \u0161koly i zdej\u0161\u00ed\u00a0<em>p\u0159\u00e1telskou atmosf\u00e9ru<\/em>.<\/p>\n\n<p>Na ka\u017edou akci se sna\u017e\u00edme vymyslet zaj\u00edmav\u00fd program a uk\u00e1zat i mimo\u0161koln\u00ed aktivity, kter\u00e9 se na \u0161kole uskute\u010d\u0148uj\u00ed. \u0160kolou a v\u00fdukou prov\u00e1z\u00ed samotn\u00ed studenti, kter\u00fdch se m\u016f\u017eete zeptat na v\u011bci, kter\u00e9 by v\u00e1s zaj\u00edmaly.<\/p>\n\n<p><strong>Kdy se bude akce &#8222;Ochutnejte V\u0160HE&#8220; konat?\u00a0<\/strong><\/p>\n\n<ul class=\"wp-block-list\"><li><strong>St\u0159eda 13. 4. 2022<\/strong><\/li><\/ul>\n\n<p><strong>Pr\u016fb\u011bh akce:<\/strong><\/p>\n\n<figure class=\"wp-block-table\"><table><tbody><tr><td><strong>\u010cas<\/strong><\/td><td><strong>Program<\/strong><\/td><\/tr><tr><td>9:30 &#8211; 10:00<\/td><td>P\u0159\u00edchod uchaze\u010d\u016f<br\/>Sn\u00eddan\u011b<\/td><\/tr><tr><td>10:15 &#8211; 10:45<\/td><td>P\u0159edn\u00e1\u0161ka o Vysok\u00e9 \u0161kole hotelov\u00e9 a ekonomick\u00e9<\/td><\/tr><tr><td>10:45 &#8211; 11:00<\/td><td>P\u0159edn\u00e1\u0161ka student\u016f V\u0160HE<\/td><\/tr><tr><td>11:00 &#8211; 13:00<\/td><td>N\u00e1v\u0161t\u011bva vybran\u00fdch hodin v\u00fduky<\/td><\/tr><tr><td>11:00 &#8211; 14:00<\/td><td>Ochutn\u00e1vka j\u00eddel a n\u00e1poj\u016f\u00a0<\/td><\/tr><tr><td>13:00<\/td><td>Ukon\u010den\u00ed akce<\/td><\/tr><\/tbody><\/table><\/figure>\n\n<p><strong>\u00da\u010dast na akci je bezplatn\u00e1.\u00a0<\/strong>V p\u0159\u00edpad\u011b Va\u0161eho z\u00e1jmu o tuto akci je\u00a0<strong>nutn\u00e9 se registrovat<\/strong>\u00a0na e-mailu\u00a0<a href=\"mailto:rieszova@vsh.cz\"><strong>rieszova@vsh.cz<\/strong>,<\/a>\u00a0nejpozd\u011bji\u00a0<strong>do 10. 4. 2022<\/strong>. Pokud se nebude moci akce z\u00fa\u010dastnit, m\u016f\u017eete nav\u0161t\u00edvit den otev\u0159en\u00fdch dve\u0159\u00ed v\u00a0dan\u00fdch term\u00ednech, kter\u00e9 najdete\u00a0<a href=\"https:\/\/vshe.cz\/den-otevrenych-dveri\/\" target=\"_blank\" rel=\"noreferrer noopener\">zde.<\/a>\u00a0<\/p>\n\n<p><strong>Pro koho je akce ur\u010den\u00e1?\u00a0<\/strong><\/p>\n\n<ul class=\"wp-block-list\"><li>\u017d\u00e1ci maturitn\u00edch ro\u010dn\u00edk\u016f st\u0159edn\u00edch odborn\u00fdch \u0161kol a gymn\u00e1zi\u00ed (\u017e\u00e1ci ni\u017e\u0161\u00edch ro\u010dn\u00edk\u016f jsou t\u00e9\u017e v\u00edt\u00e1ni) a \u017e\u00e1ci vy\u0161\u0161\u00edch odborn\u00fdch \u0161kol<\/li><li>U\u010ditel\u00e9 a v\u00fdchovn\u00ed poradci<\/li><\/ul>\n\n<p><strong>Co V\u00e1m \u00fa\u010dast na akci p\u0159inese?<\/strong>\u00a0<\/p>\n\n<ul class=\"wp-block-list\"><li>Osobn\u00ed zku\u0161enosti s\u00a0prost\u0159ed\u00edm a v\u00fdukou na V\u0160HE<\/li><li>Vybran\u00e9 studijn\u00ed materi\u00e1ly pro pot\u0159eby v\u00fduky na st\u0159edn\u00edch \u0161kol\u00e1ch<\/li><\/ul>\n\n<p><strong>T\u011b\u0161\u00edme se na Va\u0161i \u00fa\u010dast!<\/strong><\/p>\n\n<p><strong>Chce\u0161 studovat \u0161kolu, kter\u00e9 ur\u010dit\u011b p\u0159ijde\u0161 na chu\u0165?<\/strong><\/p>\n\n<ul class=\"wp-block-list\"><li><a href=\"https:\/\/vshe.cz\/sk\/\">P\u0159e\u010dti si o n\u00e1s z\u00e1kladn\u00ed informace<\/a><\/li><li><a href=\"https:\/\/is.vsh.cz\/prihlaska\/\">P\u0159ihl\u00e1\u0161ka ke studiu<\/a><\/li><\/ul>\n","protected":false},"excerpt":{"rendered":"<p>Vysok\u00e1 \u0161kola hotelov\u00e1 a ekonomick\u00e1 (V\u0160HE) organizuje ka\u017ed\u00fd semestr pro z\u00e1jemce o studium. <\/p>\n","protected":false},"featured_media":5302,"template":"","kategoria":[],"mesto":[],"skola":[],"class_list":["post-5550","aktuality","type-aktuality","status-publish","has-post-thumbnail","hentry"],"yoast_head":"<!-- This site is optimized with the Yoast SEO plugin v26.8 - https:\/\/yoast.com\/product\/yoast-seo-wordpress\/ -->\n<title>Za\u017eij den vysoko\u0161kol\u00e1ka! - Vysok\u00e1 \u0161kola hotelov\u00e1 a ekonomick\u00e1<\/title>\n<meta name=\"robots\" content=\"index, follow, max-snippet:-1, max-image-preview:large, max-video-preview:-1\" \/>\n<link rel=\"canonical\" href=\"https:\/\/vshe.cz\/sk\/aktuality\/zazi-den-vysokoskolaka\/\" \/>\n<meta property=\"og:locale\" content=\"sk_SK\" \/>\n<meta property=\"og:type\" content=\"article\" \/>\n<meta property=\"og:title\" content=\"Za\u017eij den vysoko\u0161kol\u00e1ka! - Vysok\u00e1 \u0161kola hotelov\u00e1 a ekonomick\u00e1\" \/>\n<meta property=\"og:description\" content=\"Vysok\u00e1 \u0161kola hotelov\u00e1 a ekonomick\u00e1 (V\u0160HE) organizuje ka\u017ed\u00fd semestr pro z\u00e1jemce o studium.\" \/>\n<meta property=\"og:url\" content=\"https:\/\/vshe.cz\/sk\/aktuality\/zazi-den-vysokoskolaka\/\" \/>\n<meta property=\"og:site_name\" content=\"Vysok\u00e1 \u0161kola hotelov\u00e1 a ekonomick\u00e1\" \/>\n<meta property=\"article:modified_time\" content=\"2022-05-05T18:35:56+00:00\" \/>\n<meta property=\"og:image\" content=\"https:\/\/vshe.cz\/wp-content\/uploads\/2022\/02\/3.png\" \/>\n\t<meta property=\"og:image:width\" content=\"1920\" \/>\n\t<meta property=\"og:image:height\" content=\"1080\" \/>\n\t<meta property=\"og:image:type\" content=\"image\/png\" \/>\n<meta name=\"twitter:card\" content=\"summary_large_image\" \/>\n<meta name=\"twitter:label1\" content=\"Predpokladan\u00fd \u010das \u010d\u00edtania\" \/>\n\t<meta name=\"twitter:data1\" content=\"2 min\u00faty\" \/>\n<script type=\"application\/ld+json\" class=\"yoast-schema-graph\">{\"@context\":\"https:\/\/schema.org\",\"@graph\":[{\"@type\":\"WebPage\",\"@id\":\"https:\/\/vshe.cz\/sk\/aktuality\/zazi-den-vysokoskolaka\/\",\"url\":\"https:\/\/vshe.cz\/sk\/aktuality\/zazi-den-vysokoskolaka\/\",\"name\":\"Za\u017eij den vysoko\u0161kol\u00e1ka! - Vysok\u00e1 \u0161kola hotelov\u00e1 a ekonomick\u00e1\",\"isPartOf\":{\"@id\":\"https:\/\/vshe.cz\/sk\/#website\"},\"primaryImageOfPage\":{\"@id\":\"https:\/\/vshe.cz\/sk\/aktuality\/zazi-den-vysokoskolaka\/#primaryimage\"},\"image\":{\"@id\":\"https:\/\/vshe.cz\/sk\/aktuality\/zazi-den-vysokoskolaka\/#primaryimage\"},\"thumbnailUrl\":\"https:\/\/vshe.cz\/wp-content\/uploads\/2022\/02\/3.png\",\"datePublished\":\"2022-05-05T13:12:01+00:00\",\"dateModified\":\"2022-05-05T18:35:56+00:00\",\"breadcrumb\":{\"@id\":\"https:\/\/vshe.cz\/sk\/aktuality\/zazi-den-vysokoskolaka\/#breadcrumb\"},\"inLanguage\":\"sk-SK\",\"potentialAction\":[{\"@type\":\"ReadAction\",\"target\":[\"https:\/\/vshe.cz\/sk\/aktuality\/zazi-den-vysokoskolaka\/\"]}]},{\"@type\":\"ImageObject\",\"inLanguage\":\"sk-SK\",\"@id\":\"https:\/\/vshe.cz\/sk\/aktuality\/zazi-den-vysokoskolaka\/#primaryimage\",\"url\":\"https:\/\/vshe.cz\/wp-content\/uploads\/2022\/02\/3.png\",\"contentUrl\":\"https:\/\/vshe.cz\/wp-content\/uploads\/2022\/02\/3.png\",\"width\":1920,\"height\":1080},{\"@type\":\"BreadcrumbList\",\"@id\":\"https:\/\/vshe.cz\/sk\/aktuality\/zazi-den-vysokoskolaka\/#breadcrumb\",\"itemListElement\":[{\"@type\":\"ListItem\",\"position\":1,\"name\":\"Vysok\u00e1 \u0161kola hotelov\u00e1 a ekonomick\u00e1\",\"item\":\"https:\/\/vshe.cz\/sk\/\"},{\"@type\":\"ListItem\",\"position\":2,\"name\":\"Aktuality\",\"item\":\"https:\/\/vshe.cz\/sk\/aktuality\/\"},{\"@type\":\"ListItem\",\"position\":3,\"name\":\"Za\u017eij den vysoko\u0161kol\u00e1ka!\"}]},{\"@type\":\"WebSite\",\"@id\":\"https:\/\/vshe.cz\/sk\/#website\",\"url\":\"https:\/\/vshe.cz\/sk\/\",\"name\":\"Vysok\u00e1 \u0161kola hotelov\u00e1 a ekonomick\u00e1\",\"description\":\"Kvalita. Prest\u00ed\u017e. \u00daspech. Kari\u00e9ra.\",\"potentialAction\":[{\"@type\":\"SearchAction\",\"target\":{\"@type\":\"EntryPoint\",\"urlTemplate\":\"https:\/\/vshe.cz\/sk\/?s={search_term_string}\"},\"query-input\":{\"@type\":\"PropertyValueSpecification\",\"valueRequired\":true,\"valueName\":\"search_term_string\"}}],\"inLanguage\":\"sk-SK\"}]}<\/script>\n<!-- \/ Yoast SEO plugin. -->","yoast_head_json":{"title":"Za\u017eij den vysoko\u0161kol\u00e1ka! - Vysok\u00e1 \u0161kola hotelov\u00e1 a ekonomick\u00e1","robots":{"index":"index","follow":"follow","max-snippet":"max-snippet:-1","max-image-preview":"max-image-preview:large","max-video-preview":"max-video-preview:-1"},"canonical":"https:\/\/vshe.cz\/sk\/aktuality\/zazi-den-vysokoskolaka\/","og_locale":"sk_SK","og_type":"article","og_title":"Za\u017eij den vysoko\u0161kol\u00e1ka! - Vysok\u00e1 \u0161kola hotelov\u00e1 a ekonomick\u00e1","og_description":"Vysok\u00e1 \u0161kola hotelov\u00e1 a ekonomick\u00e1 (V\u0160HE) organizuje ka\u017ed\u00fd semestr pro z\u00e1jemce o studium.","og_url":"https:\/\/vshe.cz\/sk\/aktuality\/zazi-den-vysokoskolaka\/","og_site_name":"Vysok\u00e1 \u0161kola hotelov\u00e1 a ekonomick\u00e1","article_modified_time":"2022-05-05T18:35:56+00:00","og_image":[{"width":1920,"height":1080,"url":"https:\/\/vshe.cz\/wp-content\/uploads\/2022\/02\/3.png","type":"image\/png"}],"twitter_card":"summary_large_image","twitter_misc":{"Predpokladan\u00fd \u010das \u010d\u00edtania":"2 min\u00faty"},"schema":{"@context":"https:\/\/schema.org","@graph":[{"@type":"WebPage","@id":"https:\/\/vshe.cz\/sk\/aktuality\/zazi-den-vysokoskolaka\/","url":"https:\/\/vshe.cz\/sk\/aktuality\/zazi-den-vysokoskolaka\/","name":"Za\u017eij den vysoko\u0161kol\u00e1ka! - Vysok\u00e1 \u0161kola hotelov\u00e1 a ekonomick\u00e1","isPartOf":{"@id":"https:\/\/vshe.cz\/sk\/#website"},"primaryImageOfPage":{"@id":"https:\/\/vshe.cz\/sk\/aktuality\/zazi-den-vysokoskolaka\/#primaryimage"},"image":{"@id":"https:\/\/vshe.cz\/sk\/aktuality\/zazi-den-vysokoskolaka\/#primaryimage"},"thumbnailUrl":"https:\/\/vshe.cz\/wp-content\/uploads\/2022\/02\/3.png","datePublished":"2022-05-05T13:12:01+00:00","dateModified":"2022-05-05T18:35:56+00:00","breadcrumb":{"@id":"https:\/\/vshe.cz\/sk\/aktuality\/zazi-den-vysokoskolaka\/#breadcrumb"},"inLanguage":"sk-SK","potentialAction":[{"@type":"ReadAction","target":["https:\/\/vshe.cz\/sk\/aktuality\/zazi-den-vysokoskolaka\/"]}]},{"@type":"ImageObject","inLanguage":"sk-SK","@id":"https:\/\/vshe.cz\/sk\/aktuality\/zazi-den-vysokoskolaka\/#primaryimage","url":"https:\/\/vshe.cz\/wp-content\/uploads\/2022\/02\/3.png","contentUrl":"https:\/\/vshe.cz\/wp-content\/uploads\/2022\/02\/3.png","width":1920,"height":1080},{"@type":"BreadcrumbList","@id":"https:\/\/vshe.cz\/sk\/aktuality\/zazi-den-vysokoskolaka\/#breadcrumb","itemListElement":[{"@type":"ListItem","position":1,"name":"Vysok\u00e1 \u0161kola hotelov\u00e1 a ekonomick\u00e1","item":"https:\/\/vshe.cz\/sk\/"},{"@type":"ListItem","position":2,"name":"Aktuality","item":"https:\/\/vshe.cz\/sk\/aktuality\/"},{"@type":"ListItem","position":3,"name":"Za\u017eij den vysoko\u0161kol\u00e1ka!"}]},{"@type":"WebSite","@id":"https:\/\/vshe.cz\/sk\/#website","url":"https:\/\/vshe.cz\/sk\/","name":"Vysok\u00e1 \u0161kola hotelov\u00e1 a ekonomick\u00e1","description":"Kvalita. Prest\u00ed\u017e. \u00daspech. Kari\u00e9ra.","potentialAction":[{"@type":"SearchAction","target":{"@type":"EntryPoint","urlTemplate":"https:\/\/vshe.cz\/sk\/?s={search_term_string}"},"query-input":{"@type":"PropertyValueSpecification","valueRequired":true,"valueName":"search_term_string"}}],"inLanguage":"sk-SK"}]}},"meta_box":[],"_links":{"self":[{"href":"https:\/\/vshe.cz\/sk\/wp-json\/wp\/v2\/aktuality\/5550","targetHints":{"allow":["GET"]}}],"collection":[{"href":"https:\/\/vshe.cz\/sk\/wp-json\/wp\/v2\/aktuality"}],"about":[{"href":"https:\/\/vshe.cz\/sk\/wp-json\/wp\/v2\/types\/aktuality"}],"version-history":[{"count":5,"href":"https:\/\/vshe.cz\/sk\/wp-json\/wp\/v2\/aktuality\/5550\/revisions"}],"predecessor-version":[{"id":6156,"href":"https:\/\/vshe.cz\/sk\/wp-json\/wp\/v2\/aktuality\/5550\/revisions\/6156"}],"wp:featuredmedia":[{"embeddable":true,"href":"https:\/\/vshe.cz\/sk\/wp-json\/wp\/v2\/media\/5302"}],"wp:attachment":[{"href":"https:\/\/vshe.cz\/sk\/wp-json\/wp\/v2\/media?parent=5550"}],"wp:term":[{"taxonomy":"kategoria","embeddable":true,"href":"https:\/\/vshe.cz\/sk\/wp-json\/wp\/v2\/kategoria?post=5550"},{"taxonomy":"mesto","embeddable":true,"href":"https:\/\/vshe.cz\/sk\/wp-json\/wp\/v2\/mesto?post=5550"},{"taxonomy":"skola","embeddable":true,"href":"https:\/\/vshe.cz\/sk\/wp-json\/wp\/v2\/skola?post=5550"}],"curies":[{"name":"wp","href":"https:\/\/api.w.org\/{rel}","templated":true}]}}