{"id":6350,"date":"2022-07-06T08:40:11","date_gmt":"2022-07-06T06:40:11","guid":{"rendered":"https:\/\/vshe.cz\/aktuality\/prazdninovy-provoz-v-objektu-svidnicka-506-1\/"},"modified":"2022-07-06T08:40:12","modified_gmt":"2022-07-06T06:40:12","slug":"prazdninovy-provoz-v-objektu-svidnicka-506-1","status":"publish","type":"aktuality","link":"https:\/\/vshe.cz\/sk\/aktuality\/prazdninovy-provoz-v-objektu-svidnicka-506-1\/","title":{"rendered":"Pr\u00e1zdninov\u00fd provoz v objektu Sv\u00eddnick\u00e1 506\/1"},"content":{"rendered":"\n<p>P\u0159eru\u0161en\u00ed provozn\u00ed doby pro jednotliv\u00e1 pracovi\u0161t\u011b v\u00a0objektu Sv\u00eddnick\u00e1 506\/1, Praha 8 je stanoveno n\u00e1sledovn\u011b:<\/p>\n\n<figure class=\"wp-block-table\"><table><tbody><tr><td><strong>Pracovi\u0161t\u011b<\/strong><\/td><td><strong>P\u0159eru\u0161en\u00ed provozu<\/strong><\/td><\/tr><tr><td>Recepce a \u0161atna<\/td><td>11. 7. \u2013 26. 8. 2022<\/td><\/tr><tr><td>Studovna<\/td><td>1. 7. \u2013 26. 8. 2022<\/td><\/tr><tr><td>Knihovna<\/td><td>1. 7. \u2013 26. 8. 2022<\/td><\/tr><tr><td>Kav\u00e1rna Mlsn\u00e1 zrzka<\/td><td>20. 6. \u2013 4. 9. 2022<\/td><\/tr><tr><td>Pokladna<\/td><td>4. 7. \u2013 8. 7. 2022; 8. 8. \u2013 19. 8. 2022<\/td><\/tr><\/tbody><\/table><\/figure>\n\n<p>Budova \u0161koly bude v obdob\u00ed 11.7. \u2013 26.8. 2022 zcela uzav\u0159en\u00e1. Studijn\u00ed odd\u011blen\u00ed lze nav\u0161t\u00edvit kdykoliv na z\u00e1klad\u011b p\u0159edchoz\u00ed domluvy s konkr\u00e9tn\u00ed studijn\u00ed referentkou. Studijn\u00ed odd\u011blen\u00ed je na homeoffice v p\u00e1tky od 1.7.2022 do 26.8.2022. <\/p>\n\n<p>D\u011bkujeme za pochopen\u00ed a p\u0159ejeme p\u0159\u00edjemn\u00e9 l\u00e9to.<\/p>\n","protected":false},"excerpt":{"rendered":"<p>P\u0159eru\u0161en\u00ed provozn\u00ed doby pro jednotliv\u00e1 pracovi\u0161t\u011b v\u00a0objektu Sv\u00eddnick\u00e1 506\/1, Praha 8 je stanoveno n\u00e1sledovn\u011b: Pracovi\u0161t\u011b P\u0159eru\u0161en\u00ed provozu Recepce a \u0161atna 11. 7. \u2013 26. 8. 2022 Studovna 1. 7. \u2013 26. 8. 2022 Knihovna 1. 7. \u2013 26. 8. 2022 Kav\u00e1rna Mlsn\u00e1 zrzka 20. 6. \u2013 4. 9. 2022 Pokladna 4. 7. \u2013 8. 7. [&hellip;]<\/p>\n","protected":false},"featured_media":5302,"template":"","kategoria":[],"mesto":[],"skola":[],"class_list":["post-6350","aktuality","type-aktuality","status-publish","has-post-thumbnail","hentry"],"yoast_head":"<!-- This site is optimized with the Yoast SEO plugin v26.8 - https:\/\/yoast.com\/product\/yoast-seo-wordpress\/ -->\n<title>Pr\u00e1zdninov\u00fd provoz v objektu Sv\u00eddnick\u00e1 506\/1 - Vysok\u00e1 \u0161kola hotelov\u00e1 a ekonomick\u00e1<\/title>\n<meta name=\"robots\" content=\"index, follow, max-snippet:-1, max-image-preview:large, max-video-preview:-1\" \/>\n<link rel=\"canonical\" href=\"https:\/\/vshe.cz\/sk\/aktuality\/prazdninovy-provoz-v-objektu-svidnicka-506-1\/\" \/>\n<meta property=\"og:locale\" content=\"sk_SK\" \/>\n<meta property=\"og:type\" content=\"article\" \/>\n<meta property=\"og:title\" content=\"Pr\u00e1zdninov\u00fd provoz v objektu Sv\u00eddnick\u00e1 506\/1 - Vysok\u00e1 \u0161kola hotelov\u00e1 a ekonomick\u00e1\" \/>\n<meta property=\"og:description\" content=\"P\u0159eru\u0161en\u00ed provozn\u00ed doby pro jednotliv\u00e1 pracovi\u0161t\u011b v\u00a0objektu Sv\u00eddnick\u00e1 506\/1, Praha 8 je stanoveno n\u00e1sledovn\u011b: Pracovi\u0161t\u011b P\u0159eru\u0161en\u00ed provozu Recepce a \u0161atna 11. 7. \u2013 26. 8. 2022 Studovna 1. 7. \u2013 26. 8. 2022 Knihovna 1. 7. \u2013 26. 8. 2022 Kav\u00e1rna Mlsn\u00e1 zrzka 20. 6. \u2013 4. 9. 2022 Pokladna 4. 7. \u2013 8. 7. [&hellip;]\" \/>\n<meta property=\"og:url\" content=\"https:\/\/vshe.cz\/sk\/aktuality\/prazdninovy-provoz-v-objektu-svidnicka-506-1\/\" \/>\n<meta property=\"og:site_name\" content=\"Vysok\u00e1 \u0161kola hotelov\u00e1 a ekonomick\u00e1\" \/>\n<meta property=\"article:modified_time\" content=\"2022-07-06T06:40:12+00:00\" \/>\n<meta property=\"og:image\" content=\"https:\/\/vshe.cz\/wp-content\/uploads\/2022\/02\/3.png\" \/>\n\t<meta property=\"og:image:width\" content=\"1920\" \/>\n\t<meta property=\"og:image:height\" content=\"1080\" \/>\n\t<meta property=\"og:image:type\" content=\"image\/png\" \/>\n<meta name=\"twitter:card\" content=\"summary_large_image\" \/>\n<script type=\"application\/ld+json\" class=\"yoast-schema-graph\">{\"@context\":\"https:\/\/schema.org\",\"@graph\":[{\"@type\":\"WebPage\",\"@id\":\"https:\/\/vshe.cz\/sk\/aktuality\/prazdninovy-provoz-v-objektu-svidnicka-506-1\/\",\"url\":\"https:\/\/vshe.cz\/sk\/aktuality\/prazdninovy-provoz-v-objektu-svidnicka-506-1\/\",\"name\":\"Pr\u00e1zdninov\u00fd provoz v objektu Sv\u00eddnick\u00e1 506\/1 - Vysok\u00e1 \u0161kola hotelov\u00e1 a ekonomick\u00e1\",\"isPartOf\":{\"@id\":\"https:\/\/vshe.cz\/sk\/#website\"},\"primaryImageOfPage\":{\"@id\":\"https:\/\/vshe.cz\/sk\/aktuality\/prazdninovy-provoz-v-objektu-svidnicka-506-1\/#primaryimage\"},\"image\":{\"@id\":\"https:\/\/vshe.cz\/sk\/aktuality\/prazdninovy-provoz-v-objektu-svidnicka-506-1\/#primaryimage\"},\"thumbnailUrl\":\"https:\/\/vshe.cz\/wp-content\/uploads\/2022\/02\/3.png\",\"datePublished\":\"2022-07-06T06:40:11+00:00\",\"dateModified\":\"2022-07-06T06:40:12+00:00\",\"breadcrumb\":{\"@id\":\"https:\/\/vshe.cz\/sk\/aktuality\/prazdninovy-provoz-v-objektu-svidnicka-506-1\/#breadcrumb\"},\"inLanguage\":\"sk-SK\",\"potentialAction\":[{\"@type\":\"ReadAction\",\"target\":[\"https:\/\/vshe.cz\/sk\/aktuality\/prazdninovy-provoz-v-objektu-svidnicka-506-1\/\"]}]},{\"@type\":\"ImageObject\",\"inLanguage\":\"sk-SK\",\"@id\":\"https:\/\/vshe.cz\/sk\/aktuality\/prazdninovy-provoz-v-objektu-svidnicka-506-1\/#primaryimage\",\"url\":\"https:\/\/vshe.cz\/wp-content\/uploads\/2022\/02\/3.png\",\"contentUrl\":\"https:\/\/vshe.cz\/wp-content\/uploads\/2022\/02\/3.png\",\"width\":1920,\"height\":1080},{\"@type\":\"BreadcrumbList\",\"@id\":\"https:\/\/vshe.cz\/sk\/aktuality\/prazdninovy-provoz-v-objektu-svidnicka-506-1\/#breadcrumb\",\"itemListElement\":[{\"@type\":\"ListItem\",\"position\":1,\"name\":\"Vysok\u00e1 \u0161kola hotelov\u00e1 a ekonomick\u00e1\",\"item\":\"https:\/\/vshe.cz\/sk\/\"},{\"@type\":\"ListItem\",\"position\":2,\"name\":\"Aktuality\",\"item\":\"https:\/\/vshe.cz\/sk\/aktuality\/\"},{\"@type\":\"ListItem\",\"position\":3,\"name\":\"Pr\u00e1zdninov\u00fd provoz v objektu Sv\u00eddnick\u00e1 506\/1\"}]},{\"@type\":\"WebSite\",\"@id\":\"https:\/\/vshe.cz\/sk\/#website\",\"url\":\"https:\/\/vshe.cz\/sk\/\",\"name\":\"Vysok\u00e1 \u0161kola hotelov\u00e1 a ekonomick\u00e1\",\"description\":\"Kvalita. Prest\u00ed\u017e. \u00daspech. Kari\u00e9ra.\",\"potentialAction\":[{\"@type\":\"SearchAction\",\"target\":{\"@type\":\"EntryPoint\",\"urlTemplate\":\"https:\/\/vshe.cz\/sk\/?s={search_term_string}\"},\"query-input\":{\"@type\":\"PropertyValueSpecification\",\"valueRequired\":true,\"valueName\":\"search_term_string\"}}],\"inLanguage\":\"sk-SK\"}]}<\/script>\n<!-- \/ Yoast SEO plugin. -->","yoast_head_json":{"title":"Pr\u00e1zdninov\u00fd provoz v objektu Sv\u00eddnick\u00e1 506\/1 - Vysok\u00e1 \u0161kola hotelov\u00e1 a ekonomick\u00e1","robots":{"index":"index","follow":"follow","max-snippet":"max-snippet:-1","max-image-preview":"max-image-preview:large","max-video-preview":"max-video-preview:-1"},"canonical":"https:\/\/vshe.cz\/sk\/aktuality\/prazdninovy-provoz-v-objektu-svidnicka-506-1\/","og_locale":"sk_SK","og_type":"article","og_title":"Pr\u00e1zdninov\u00fd provoz v objektu Sv\u00eddnick\u00e1 506\/1 - Vysok\u00e1 \u0161kola hotelov\u00e1 a ekonomick\u00e1","og_description":"P\u0159eru\u0161en\u00ed provozn\u00ed doby pro jednotliv\u00e1 pracovi\u0161t\u011b v\u00a0objektu Sv\u00eddnick\u00e1 506\/1, Praha 8 je stanoveno n\u00e1sledovn\u011b: Pracovi\u0161t\u011b P\u0159eru\u0161en\u00ed provozu Recepce a \u0161atna 11. 7. \u2013 26. 8. 2022 Studovna 1. 7. \u2013 26. 8. 2022 Knihovna 1. 7. \u2013 26. 8. 2022 Kav\u00e1rna Mlsn\u00e1 zrzka 20. 6. \u2013 4. 9. 2022 Pokladna 4. 7. \u2013 8. 7. [&hellip;]","og_url":"https:\/\/vshe.cz\/sk\/aktuality\/prazdninovy-provoz-v-objektu-svidnicka-506-1\/","og_site_name":"Vysok\u00e1 \u0161kola hotelov\u00e1 a ekonomick\u00e1","article_modified_time":"2022-07-06T06:40:12+00:00","og_image":[{"width":1920,"height":1080,"url":"https:\/\/vshe.cz\/wp-content\/uploads\/2022\/02\/3.png","type":"image\/png"}],"twitter_card":"summary_large_image","schema":{"@context":"https:\/\/schema.org","@graph":[{"@type":"WebPage","@id":"https:\/\/vshe.cz\/sk\/aktuality\/prazdninovy-provoz-v-objektu-svidnicka-506-1\/","url":"https:\/\/vshe.cz\/sk\/aktuality\/prazdninovy-provoz-v-objektu-svidnicka-506-1\/","name":"Pr\u00e1zdninov\u00fd provoz v objektu Sv\u00eddnick\u00e1 506\/1 - Vysok\u00e1 \u0161kola hotelov\u00e1 a ekonomick\u00e1","isPartOf":{"@id":"https:\/\/vshe.cz\/sk\/#website"},"primaryImageOfPage":{"@id":"https:\/\/vshe.cz\/sk\/aktuality\/prazdninovy-provoz-v-objektu-svidnicka-506-1\/#primaryimage"},"image":{"@id":"https:\/\/vshe.cz\/sk\/aktuality\/prazdninovy-provoz-v-objektu-svidnicka-506-1\/#primaryimage"},"thumbnailUrl":"https:\/\/vshe.cz\/wp-content\/uploads\/2022\/02\/3.png","datePublished":"2022-07-06T06:40:11+00:00","dateModified":"2022-07-06T06:40:12+00:00","breadcrumb":{"@id":"https:\/\/vshe.cz\/sk\/aktuality\/prazdninovy-provoz-v-objektu-svidnicka-506-1\/#breadcrumb"},"inLanguage":"sk-SK","potentialAction":[{"@type":"ReadAction","target":["https:\/\/vshe.cz\/sk\/aktuality\/prazdninovy-provoz-v-objektu-svidnicka-506-1\/"]}]},{"@type":"ImageObject","inLanguage":"sk-SK","@id":"https:\/\/vshe.cz\/sk\/aktuality\/prazdninovy-provoz-v-objektu-svidnicka-506-1\/#primaryimage","url":"https:\/\/vshe.cz\/wp-content\/uploads\/2022\/02\/3.png","contentUrl":"https:\/\/vshe.cz\/wp-content\/uploads\/2022\/02\/3.png","width":1920,"height":1080},{"@type":"BreadcrumbList","@id":"https:\/\/vshe.cz\/sk\/aktuality\/prazdninovy-provoz-v-objektu-svidnicka-506-1\/#breadcrumb","itemListElement":[{"@type":"ListItem","position":1,"name":"Vysok\u00e1 \u0161kola hotelov\u00e1 a ekonomick\u00e1","item":"https:\/\/vshe.cz\/sk\/"},{"@type":"ListItem","position":2,"name":"Aktuality","item":"https:\/\/vshe.cz\/sk\/aktuality\/"},{"@type":"ListItem","position":3,"name":"Pr\u00e1zdninov\u00fd provoz v objektu Sv\u00eddnick\u00e1 506\/1"}]},{"@type":"WebSite","@id":"https:\/\/vshe.cz\/sk\/#website","url":"https:\/\/vshe.cz\/sk\/","name":"Vysok\u00e1 \u0161kola hotelov\u00e1 a ekonomick\u00e1","description":"Kvalita. Prest\u00ed\u017e. \u00daspech. Kari\u00e9ra.","potentialAction":[{"@type":"SearchAction","target":{"@type":"EntryPoint","urlTemplate":"https:\/\/vshe.cz\/sk\/?s={search_term_string}"},"query-input":{"@type":"PropertyValueSpecification","valueRequired":true,"valueName":"search_term_string"}}],"inLanguage":"sk-SK"}]}},"meta_box":[],"_links":{"self":[{"href":"https:\/\/vshe.cz\/sk\/wp-json\/wp\/v2\/aktuality\/6350","targetHints":{"allow":["GET"]}}],"collection":[{"href":"https:\/\/vshe.cz\/sk\/wp-json\/wp\/v2\/aktuality"}],"about":[{"href":"https:\/\/vshe.cz\/sk\/wp-json\/wp\/v2\/types\/aktuality"}],"version-history":[{"count":1,"href":"https:\/\/vshe.cz\/sk\/wp-json\/wp\/v2\/aktuality\/6350\/revisions"}],"predecessor-version":[{"id":6351,"href":"https:\/\/vshe.cz\/sk\/wp-json\/wp\/v2\/aktuality\/6350\/revisions\/6351"}],"wp:featuredmedia":[{"embeddable":true,"href":"https:\/\/vshe.cz\/sk\/wp-json\/wp\/v2\/media\/5302"}],"wp:attachment":[{"href":"https:\/\/vshe.cz\/sk\/wp-json\/wp\/v2\/media?parent=6350"}],"wp:term":[{"taxonomy":"kategoria","embeddable":true,"href":"https:\/\/vshe.cz\/sk\/wp-json\/wp\/v2\/kategoria?post=6350"},{"taxonomy":"mesto","embeddable":true,"href":"https:\/\/vshe.cz\/sk\/wp-json\/wp\/v2\/mesto?post=6350"},{"taxonomy":"skola","embeddable":true,"href":"https:\/\/vshe.cz\/sk\/wp-json\/wp\/v2\/skola?post=6350"}],"curies":[{"name":"wp","href":"https:\/\/api.w.org\/{rel}","templated":true}]}}