{"id":6352,"date":"2022-07-06T08:40:43","date_gmt":"2022-07-06T06:40:43","guid":{"rendered":"https:\/\/vshe.cz\/aktuality\/mezinarodni-tyden-na-partnerske-univerzite-iut-angers-ve-francii\/"},"modified":"2022-07-06T08:40:43","modified_gmt":"2022-07-06T06:40:43","slug":"mezinarodni-tyden-na-partnerske-univerzite-iut-angers-ve-francii","status":"publish","type":"aktuality","link":"https:\/\/vshe.cz\/sk\/aktuality\/mezinarodni-tyden-na-partnerske-univerzite-iut-angers-ve-francii\/","title":{"rendered":"Mezin\u00e1rodn\u00ed t\u00fdden na partnersk\u00e9 univerzit\u011b IUT Angers ve Francii."},"content":{"rendered":"\n<p>V\u00a0kv\u011btnu se na\u0161e dv\u011b vyu\u010duj\u00edc\u00ed Anna Ulrichov\u00e1 a Darina Svobodov\u00e1 z\u00fa\u010dastnily inspirativn\u00edho Mezin\u00e1rodn\u00edho t\u00fddne na na\u0161\u00ed partnersk\u00e9 univerzit\u011b IUT Angers ve Francii. Krom\u011b p\u0159edn\u00e1\u0161ek a cvi\u010den\u00ed na t\u00e9ma Destination management a Event management zde tak\u00e9 prob\u011bhl veletrh studijn\u00edch pobyt\u016f v\u00a0zahrani\u010d\u00ed, kde po boku vyu\u010duj\u00edc\u00edch z\u00a0mnoha dal\u0161\u00edch zem\u00ed reprezentovaly na\u0161i univerzitu.<\/p>\n\n<figure class=\"wp-block-gallery columns-3 is-cropped wp-block-gallery-1 is-layout-flex wp-block-gallery-is-layout-flex\"><ul class=\"blocks-gallery-grid\"><li class=\"blocks-gallery-item\"><figure><img loading=\"lazy\" decoding=\"async\" width=\"1024\" height=\"576\" src=\"https:\/\/vshe.cz\/wp-content\/uploads\/2022\/06\/20220519_093838-1024x576.jpg\" alt=\"\" data-id=\"6305\" data-full-url=\"https:\/\/vshe.cz\/wp-content\/uploads\/2022\/06\/20220519_093838-scaled.jpg\" data-link=\"https:\/\/vshe.cz\/?attachment_id=6305\" class=\"wp-image-6305\" srcset=\"https:\/\/vshe.cz\/wp-content\/uploads\/2022\/06\/20220519_093838-1024x576.jpg 1024w, https:\/\/vshe.cz\/wp-content\/uploads\/2022\/06\/20220519_093838-300x169.jpg 300w, https:\/\/vshe.cz\/wp-content\/uploads\/2022\/06\/20220519_093838-768x432.jpg 768w, https:\/\/vshe.cz\/wp-content\/uploads\/2022\/06\/20220519_093838-1536x864.jpg 1536w, https:\/\/vshe.cz\/wp-content\/uploads\/2022\/06\/20220519_093838-2048x1152.jpg 2048w\" sizes=\"auto, (max-width: 1024px) 100vw, 1024px\" \/><\/figure><\/li><li class=\"blocks-gallery-item\"><figure><img loading=\"lazy\" decoding=\"async\" width=\"1024\" height=\"576\" src=\"https:\/\/vshe.cz\/wp-content\/uploads\/2022\/06\/20220519_094215-1024x576.jpg\" alt=\"\" data-id=\"6310\" data-full-url=\"https:\/\/vshe.cz\/wp-content\/uploads\/2022\/06\/20220519_094215-scaled.jpg\" data-link=\"https:\/\/vshe.cz\/?attachment_id=6310\" class=\"wp-image-6310\" srcset=\"https:\/\/vshe.cz\/wp-content\/uploads\/2022\/06\/20220519_094215-1024x576.jpg 1024w, https:\/\/vshe.cz\/wp-content\/uploads\/2022\/06\/20220519_094215-300x169.jpg 300w, https:\/\/vshe.cz\/wp-content\/uploads\/2022\/06\/20220519_094215-768x432.jpg 768w, https:\/\/vshe.cz\/wp-content\/uploads\/2022\/06\/20220519_094215-1536x864.jpg 1536w, https:\/\/vshe.cz\/wp-content\/uploads\/2022\/06\/20220519_094215-2048x1152.jpg 2048w\" sizes=\"auto, (max-width: 1024px) 100vw, 1024px\" \/><\/figure><\/li><li class=\"blocks-gallery-item\"><figure><img loading=\"lazy\" decoding=\"async\" width=\"1024\" height=\"768\" src=\"https:\/\/vshe.cz\/wp-content\/uploads\/2022\/06\/IMG-20220516-WA0003-1-1024x768.jpg\" alt=\"\" data-id=\"6315\" data-full-url=\"https:\/\/vshe.cz\/wp-content\/uploads\/2022\/06\/IMG-20220516-WA0003-1.jpg\" data-link=\"https:\/\/vshe.cz\/?attachment_id=6315\" class=\"wp-image-6315\" srcset=\"https:\/\/vshe.cz\/wp-content\/uploads\/2022\/06\/IMG-20220516-WA0003-1-1024x768.jpg 1024w, https:\/\/vshe.cz\/wp-content\/uploads\/2022\/06\/IMG-20220516-WA0003-1-300x225.jpg 300w, https:\/\/vshe.cz\/wp-content\/uploads\/2022\/06\/IMG-20220516-WA0003-1-768x576.jpg 768w, https:\/\/vshe.cz\/wp-content\/uploads\/2022\/06\/IMG-20220516-WA0003-1-1536x1152.jpg 1536w, https:\/\/vshe.cz\/wp-content\/uploads\/2022\/06\/IMG-20220516-WA0003-1.jpg 1600w\" sizes=\"auto, (max-width: 1024px) 100vw, 1024px\" \/><\/figure><\/li><li class=\"blocks-gallery-item\"><figure><img loading=\"lazy\" decoding=\"async\" width=\"1024\" height=\"768\" src=\"https:\/\/vshe.cz\/wp-content\/uploads\/2022\/06\/IMG-20220520-WA0009-1024x768.jpg\" alt=\"\" data-id=\"6320\" data-full-url=\"https:\/\/vshe.cz\/wp-content\/uploads\/2022\/06\/IMG-20220520-WA0009.jpg\" data-link=\"https:\/\/vshe.cz\/?attachment_id=6320\" class=\"wp-image-6320\" srcset=\"https:\/\/vshe.cz\/wp-content\/uploads\/2022\/06\/IMG-20220520-WA0009-1024x768.jpg 1024w, https:\/\/vshe.cz\/wp-content\/uploads\/2022\/06\/IMG-20220520-WA0009-300x225.jpg 300w, https:\/\/vshe.cz\/wp-content\/uploads\/2022\/06\/IMG-20220520-WA0009-768x576.jpg 768w, https:\/\/vshe.cz\/wp-content\/uploads\/2022\/06\/IMG-20220520-WA0009-1536x1152.jpg 1536w, https:\/\/vshe.cz\/wp-content\/uploads\/2022\/06\/IMG-20220520-WA0009.jpg 1600w\" sizes=\"auto, (max-width: 1024px) 100vw, 1024px\" \/><\/figure><\/li><li class=\"blocks-gallery-item\"><figure><img loading=\"lazy\" decoding=\"async\" width=\"768\" height=\"1024\" src=\"https:\/\/vshe.cz\/wp-content\/uploads\/2022\/06\/IMG-20220520-WA0025-768x1024.jpg\" alt=\"\" data-id=\"6325\" data-full-url=\"https:\/\/vshe.cz\/wp-content\/uploads\/2022\/06\/IMG-20220520-WA0025.jpg\" data-link=\"https:\/\/vshe.cz\/?attachment_id=6325\" class=\"wp-image-6325\" srcset=\"https:\/\/vshe.cz\/wp-content\/uploads\/2022\/06\/IMG-20220520-WA0025-768x1024.jpg 768w, https:\/\/vshe.cz\/wp-content\/uploads\/2022\/06\/IMG-20220520-WA0025-225x300.jpg 225w, https:\/\/vshe.cz\/wp-content\/uploads\/2022\/06\/IMG-20220520-WA0025-1152x1536.jpg 1152w, https:\/\/vshe.cz\/wp-content\/uploads\/2022\/06\/IMG-20220520-WA0025.jpg 1200w\" sizes=\"auto, (max-width: 768px) 100vw, 768px\" \/><\/figure><\/li><\/ul><\/figure>\n","protected":false},"excerpt":{"rendered":"<p>V kv\u011btnu se na\u0161e dv\u011b vyu\u010duj\u00edc\u00ed Anna Ulrichov\u00e1 a Darina Svobodov\u00e1<br \/>\nz\u00fa\u010dastnily inspirativn\u00edho Mezin\u00e1rodn\u00edho t\u00fddne na na\u0161\u00ed partnersk\u00e9 univerzit\u011b IUT Angers ve Francii. <\/p>\n","protected":false},"featured_media":6304,"template":"","kategoria":[11],"mesto":[],"skola":[],"class_list":["post-6352","aktuality","type-aktuality","status-publish","has-post-thumbnail","hentry","kategoria-novinky"],"yoast_head":"<!-- This site is optimized with the Yoast SEO plugin v26.8 - https:\/\/yoast.com\/product\/yoast-seo-wordpress\/ -->\n<title>Mezin\u00e1rodn\u00ed t\u00fdden na partnersk\u00e9 univerzit\u011b IUT Angers ve Francii. - Vysok\u00e1 \u0161kola hotelov\u00e1 a ekonomick\u00e1<\/title>\n<meta name=\"robots\" content=\"index, follow, max-snippet:-1, max-image-preview:large, max-video-preview:-1\" \/>\n<link rel=\"canonical\" href=\"https:\/\/vshe.cz\/sk\/aktuality\/mezinarodni-tyden-na-partnerske-univerzite-iut-angers-ve-francii\/\" \/>\n<meta property=\"og:locale\" content=\"sk_SK\" \/>\n<meta property=\"og:type\" content=\"article\" \/>\n<meta property=\"og:title\" content=\"Mezin\u00e1rodn\u00ed t\u00fdden na partnersk\u00e9 univerzit\u011b IUT Angers ve Francii. - Vysok\u00e1 \u0161kola hotelov\u00e1 a ekonomick\u00e1\" \/>\n<meta property=\"og:description\" content=\"V kv\u011btnu se na\u0161e dv\u011b vyu\u010duj\u00edc\u00ed Anna Ulrichov\u00e1 a Darina Svobodov\u00e1 z\u00fa\u010dastnily inspirativn\u00edho Mezin\u00e1rodn\u00edho t\u00fddne na na\u0161\u00ed partnersk\u00e9 univerzit\u011b IUT Angers ve Francii.\" \/>\n<meta property=\"og:url\" content=\"https:\/\/vshe.cz\/sk\/aktuality\/mezinarodni-tyden-na-partnerske-univerzite-iut-angers-ve-francii\/\" \/>\n<meta property=\"og:site_name\" content=\"Vysok\u00e1 \u0161kola hotelov\u00e1 a ekonomick\u00e1\" \/>\n<meta property=\"og:image\" content=\"https:\/\/vshe.cz\/wp-content\/uploads\/2022\/06\/IMG-20220516-WA0003.jpg\" \/>\n\t<meta property=\"og:image:width\" content=\"1600\" \/>\n\t<meta property=\"og:image:height\" content=\"1200\" \/>\n\t<meta property=\"og:image:type\" content=\"image\/jpeg\" \/>\n<meta name=\"twitter:card\" content=\"summary_large_image\" \/>\n<script type=\"application\/ld+json\" class=\"yoast-schema-graph\">{\"@context\":\"https:\/\/schema.org\",\"@graph\":[{\"@type\":\"WebPage\",\"@id\":\"https:\/\/vshe.cz\/sk\/aktuality\/mezinarodni-tyden-na-partnerske-univerzite-iut-angers-ve-francii\/\",\"url\":\"https:\/\/vshe.cz\/sk\/aktuality\/mezinarodni-tyden-na-partnerske-univerzite-iut-angers-ve-francii\/\",\"name\":\"Mezin\u00e1rodn\u00ed t\u00fdden na partnersk\u00e9 univerzit\u011b IUT Angers ve Francii. - Vysok\u00e1 \u0161kola hotelov\u00e1 a ekonomick\u00e1\",\"isPartOf\":{\"@id\":\"https:\/\/vshe.cz\/sk\/#website\"},\"primaryImageOfPage\":{\"@id\":\"https:\/\/vshe.cz\/sk\/aktuality\/mezinarodni-tyden-na-partnerske-univerzite-iut-angers-ve-francii\/#primaryimage\"},\"image\":{\"@id\":\"https:\/\/vshe.cz\/sk\/aktuality\/mezinarodni-tyden-na-partnerske-univerzite-iut-angers-ve-francii\/#primaryimage\"},\"thumbnailUrl\":\"https:\/\/vshe.cz\/wp-content\/uploads\/2022\/06\/IMG-20220516-WA0003.jpg\",\"datePublished\":\"2022-07-06T06:40:43+00:00\",\"breadcrumb\":{\"@id\":\"https:\/\/vshe.cz\/sk\/aktuality\/mezinarodni-tyden-na-partnerske-univerzite-iut-angers-ve-francii\/#breadcrumb\"},\"inLanguage\":\"sk-SK\",\"potentialAction\":[{\"@type\":\"ReadAction\",\"target\":[\"https:\/\/vshe.cz\/sk\/aktuality\/mezinarodni-tyden-na-partnerske-univerzite-iut-angers-ve-francii\/\"]}]},{\"@type\":\"ImageObject\",\"inLanguage\":\"sk-SK\",\"@id\":\"https:\/\/vshe.cz\/sk\/aktuality\/mezinarodni-tyden-na-partnerske-univerzite-iut-angers-ve-francii\/#primaryimage\",\"url\":\"https:\/\/vshe.cz\/wp-content\/uploads\/2022\/06\/IMG-20220516-WA0003.jpg\",\"contentUrl\":\"https:\/\/vshe.cz\/wp-content\/uploads\/2022\/06\/IMG-20220516-WA0003.jpg\",\"width\":1600,\"height\":1200},{\"@type\":\"BreadcrumbList\",\"@id\":\"https:\/\/vshe.cz\/sk\/aktuality\/mezinarodni-tyden-na-partnerske-univerzite-iut-angers-ve-francii\/#breadcrumb\",\"itemListElement\":[{\"@type\":\"ListItem\",\"position\":1,\"name\":\"Vysok\u00e1 \u0161kola hotelov\u00e1 a ekonomick\u00e1\",\"item\":\"https:\/\/vshe.cz\/sk\/\"},{\"@type\":\"ListItem\",\"position\":2,\"name\":\"Aktuality\",\"item\":\"https:\/\/vshe.cz\/sk\/aktuality\/\"},{\"@type\":\"ListItem\",\"position\":3,\"name\":\"Novinky\",\"item\":\"https:\/\/vshe.cz\/sk\/kategoria\/novinky\/\"},{\"@type\":\"ListItem\",\"position\":4,\"name\":\"Mezin\u00e1rodn\u00ed t\u00fdden na partnersk\u00e9 univerzit\u011b IUT Angers ve Francii.\"}]},{\"@type\":\"WebSite\",\"@id\":\"https:\/\/vshe.cz\/sk\/#website\",\"url\":\"https:\/\/vshe.cz\/sk\/\",\"name\":\"Vysok\u00e1 \u0161kola hotelov\u00e1 a ekonomick\u00e1\",\"description\":\"Kvalita. Prest\u00ed\u017e. \u00daspech. Kari\u00e9ra.\",\"potentialAction\":[{\"@type\":\"SearchAction\",\"target\":{\"@type\":\"EntryPoint\",\"urlTemplate\":\"https:\/\/vshe.cz\/sk\/?s={search_term_string}\"},\"query-input\":{\"@type\":\"PropertyValueSpecification\",\"valueRequired\":true,\"valueName\":\"search_term_string\"}}],\"inLanguage\":\"sk-SK\"}]}<\/script>\n<!-- \/ Yoast SEO plugin. -->","yoast_head_json":{"title":"Mezin\u00e1rodn\u00ed t\u00fdden na partnersk\u00e9 univerzit\u011b IUT Angers ve Francii. - Vysok\u00e1 \u0161kola hotelov\u00e1 a ekonomick\u00e1","robots":{"index":"index","follow":"follow","max-snippet":"max-snippet:-1","max-image-preview":"max-image-preview:large","max-video-preview":"max-video-preview:-1"},"canonical":"https:\/\/vshe.cz\/sk\/aktuality\/mezinarodni-tyden-na-partnerske-univerzite-iut-angers-ve-francii\/","og_locale":"sk_SK","og_type":"article","og_title":"Mezin\u00e1rodn\u00ed t\u00fdden na partnersk\u00e9 univerzit\u011b IUT Angers ve Francii. - Vysok\u00e1 \u0161kola hotelov\u00e1 a ekonomick\u00e1","og_description":"V kv\u011btnu se na\u0161e dv\u011b vyu\u010duj\u00edc\u00ed Anna Ulrichov\u00e1 a Darina Svobodov\u00e1 z\u00fa\u010dastnily inspirativn\u00edho Mezin\u00e1rodn\u00edho t\u00fddne na na\u0161\u00ed partnersk\u00e9 univerzit\u011b IUT Angers ve Francii.","og_url":"https:\/\/vshe.cz\/sk\/aktuality\/mezinarodni-tyden-na-partnerske-univerzite-iut-angers-ve-francii\/","og_site_name":"Vysok\u00e1 \u0161kola hotelov\u00e1 a ekonomick\u00e1","og_image":[{"width":1600,"height":1200,"url":"https:\/\/vshe.cz\/wp-content\/uploads\/2022\/06\/IMG-20220516-WA0003.jpg","type":"image\/jpeg"}],"twitter_card":"summary_large_image","schema":{"@context":"https:\/\/schema.org","@graph":[{"@type":"WebPage","@id":"https:\/\/vshe.cz\/sk\/aktuality\/mezinarodni-tyden-na-partnerske-univerzite-iut-angers-ve-francii\/","url":"https:\/\/vshe.cz\/sk\/aktuality\/mezinarodni-tyden-na-partnerske-univerzite-iut-angers-ve-francii\/","name":"Mezin\u00e1rodn\u00ed t\u00fdden na partnersk\u00e9 univerzit\u011b IUT Angers ve Francii. - Vysok\u00e1 \u0161kola hotelov\u00e1 a ekonomick\u00e1","isPartOf":{"@id":"https:\/\/vshe.cz\/sk\/#website"},"primaryImageOfPage":{"@id":"https:\/\/vshe.cz\/sk\/aktuality\/mezinarodni-tyden-na-partnerske-univerzite-iut-angers-ve-francii\/#primaryimage"},"image":{"@id":"https:\/\/vshe.cz\/sk\/aktuality\/mezinarodni-tyden-na-partnerske-univerzite-iut-angers-ve-francii\/#primaryimage"},"thumbnailUrl":"https:\/\/vshe.cz\/wp-content\/uploads\/2022\/06\/IMG-20220516-WA0003.jpg","datePublished":"2022-07-06T06:40:43+00:00","breadcrumb":{"@id":"https:\/\/vshe.cz\/sk\/aktuality\/mezinarodni-tyden-na-partnerske-univerzite-iut-angers-ve-francii\/#breadcrumb"},"inLanguage":"sk-SK","potentialAction":[{"@type":"ReadAction","target":["https:\/\/vshe.cz\/sk\/aktuality\/mezinarodni-tyden-na-partnerske-univerzite-iut-angers-ve-francii\/"]}]},{"@type":"ImageObject","inLanguage":"sk-SK","@id":"https:\/\/vshe.cz\/sk\/aktuality\/mezinarodni-tyden-na-partnerske-univerzite-iut-angers-ve-francii\/#primaryimage","url":"https:\/\/vshe.cz\/wp-content\/uploads\/2022\/06\/IMG-20220516-WA0003.jpg","contentUrl":"https:\/\/vshe.cz\/wp-content\/uploads\/2022\/06\/IMG-20220516-WA0003.jpg","width":1600,"height":1200},{"@type":"BreadcrumbList","@id":"https:\/\/vshe.cz\/sk\/aktuality\/mezinarodni-tyden-na-partnerske-univerzite-iut-angers-ve-francii\/#breadcrumb","itemListElement":[{"@type":"ListItem","position":1,"name":"Vysok\u00e1 \u0161kola hotelov\u00e1 a ekonomick\u00e1","item":"https:\/\/vshe.cz\/sk\/"},{"@type":"ListItem","position":2,"name":"Aktuality","item":"https:\/\/vshe.cz\/sk\/aktuality\/"},{"@type":"ListItem","position":3,"name":"Novinky","item":"https:\/\/vshe.cz\/sk\/kategoria\/novinky\/"},{"@type":"ListItem","position":4,"name":"Mezin\u00e1rodn\u00ed t\u00fdden na partnersk\u00e9 univerzit\u011b IUT Angers ve Francii."}]},{"@type":"WebSite","@id":"https:\/\/vshe.cz\/sk\/#website","url":"https:\/\/vshe.cz\/sk\/","name":"Vysok\u00e1 \u0161kola hotelov\u00e1 a ekonomick\u00e1","description":"Kvalita. Prest\u00ed\u017e. \u00daspech. Kari\u00e9ra.","potentialAction":[{"@type":"SearchAction","target":{"@type":"EntryPoint","urlTemplate":"https:\/\/vshe.cz\/sk\/?s={search_term_string}"},"query-input":{"@type":"PropertyValueSpecification","valueRequired":true,"valueName":"search_term_string"}}],"inLanguage":"sk-SK"}]}},"meta_box":[],"_links":{"self":[{"href":"https:\/\/vshe.cz\/sk\/wp-json\/wp\/v2\/aktuality\/6352","targetHints":{"allow":["GET"]}}],"collection":[{"href":"https:\/\/vshe.cz\/sk\/wp-json\/wp\/v2\/aktuality"}],"about":[{"href":"https:\/\/vshe.cz\/sk\/wp-json\/wp\/v2\/types\/aktuality"}],"version-history":[{"count":1,"href":"https:\/\/vshe.cz\/sk\/wp-json\/wp\/v2\/aktuality\/6352\/revisions"}],"predecessor-version":[{"id":6353,"href":"https:\/\/vshe.cz\/sk\/wp-json\/wp\/v2\/aktuality\/6352\/revisions\/6353"}],"wp:featuredmedia":[{"embeddable":true,"href":"https:\/\/vshe.cz\/sk\/wp-json\/wp\/v2\/media\/6304"}],"wp:attachment":[{"href":"https:\/\/vshe.cz\/sk\/wp-json\/wp\/v2\/media?parent=6352"}],"wp:term":[{"taxonomy":"kategoria","embeddable":true,"href":"https:\/\/vshe.cz\/sk\/wp-json\/wp\/v2\/kategoria?post=6352"},{"taxonomy":"mesto","embeddable":true,"href":"https:\/\/vshe.cz\/sk\/wp-json\/wp\/v2\/mesto?post=6352"},{"taxonomy":"skola","embeddable":true,"href":"https:\/\/vshe.cz\/sk\/wp-json\/wp\/v2\/skola?post=6352"}],"curies":[{"name":"wp","href":"https:\/\/api.w.org\/{rel}","templated":true}]}}